{"id":161,"date":"2017-09-05T16:07:53","date_gmt":"2017-09-05T19:07:53","guid":{"rendered":"http:\/\/sistemafaepa.com.br\/senar\/?page_id=161"},"modified":"2026-07-17T09:45:09","modified_gmt":"2026-07-17T12:45:09","slug":"cursos-presenciais","status":"publish","type":"page","link":"https:\/\/sistemafaepa.com.br\/senar\/cursos-presenciais\/","title":{"rendered":"Cursos Presenciais"},"content":{"rendered":"<p>[et_pb_section fb_built=&#8221;1&#8243; inner_shadow=&#8221;on&#8221; fullwidth=&#8221;on&#8221; _builder_version=&#8221;4.16&#8243; background_color=&#8221;#1f6462&#8243; background_image=&#8221;https:\/\/sistemafaepa.com.br\/senar\/wp-content\/uploads\/sites\/2\/2017\/09\/BG-SENAR.jpg&#8221; global_colors_info=&#8221;{}&#8221;][et_pb_fullwidth_header title=&#8221;Cursos Presenciais&#8221; admin_label=&#8221;Fullwidth Header&#8221; _builder_version=&#8221;4.16&#8243; title_font=&#8221;|on|||&#8221; background_color=&#8221;rgba(255, 255, 255, 0)&#8221; global_colors_info=&#8221;{}&#8221; button_one_text_size__hover_enabled=&#8221;off&#8221; button_two_text_size__hover_enabled=&#8221;off&#8221; button_one_text_color__hover_enabled=&#8221;off&#8221; button_two_text_color__hover_enabled=&#8221;off&#8221; button_one_border_width__hover_enabled=&#8221;off&#8221; button_two_border_width__hover_enabled=&#8221;off&#8221; button_one_border_color__hover_enabled=&#8221;off&#8221; button_two_border_color__hover_enabled=&#8221;off&#8221; button_one_border_radius__hover_enabled=&#8221;off&#8221; button_two_border_radius__hover_enabled=&#8221;off&#8221; button_one_letter_spacing__hover_enabled=&#8221;off&#8221; button_two_letter_spacing__hover_enabled=&#8221;off&#8221; button_one_bg_color__hover_enabled=&#8221;off&#8221; button_two_bg_color__hover_enabled=&#8221;off&#8221;][\/et_pb_fullwidth_header][\/et_pb_section][et_pb_section fb_built=&#8221;1&#8243; specialty=&#8221;on&#8221; _builder_version=&#8221;4.16&#8243; custom_padding=&#8221;3px|0px|54px|4px||&#8221; global_colors_info=&#8221;{}&#8221;][et_pb_column type=&#8221;3_4&#8243; specialty_columns=&#8221;3&#8243; _builder_version=&#8221;4.16&#8243; custom_padding=&#8221;|||&#8221; global_colors_info=&#8221;{}&#8221; parallax__hover=&#8221;off&#8221; parallax_method__hover=&#8221;on&#8221; custom_padding__hover=&#8221;|||&#8221;][et_pb_row_inner _builder_version=&#8221;4.16&#8243; global_colors_info=&#8221;{}&#8221;][et_pb_column_inner saved_specialty_column_type=&#8221;3_4&#8243; _builder_version=&#8221;4.16&#8243; custom_padding=&#8221;|||&#8221; global_colors_info=&#8221;{}&#8221; parallax__hover=&#8221;off&#8221; parallax_method__hover=&#8221;on&#8221; custom_padding__hover=&#8221;|||&#8221;][et_pb_text _builder_version=&#8221;4.27.4&#8243; global_colors_info=&#8221;{}&#8221;]<\/p>\n<p>Agenda de cursos presenciais para o m\u00eas de<strong> Julho de 2026.<\/strong><\/p>\n<p>[\/et_pb_text][\/et_pb_column_inner][\/et_pb_row_inner][et_pb_row_inner _builder_version=&#8221;4.16&#8243; custom_padding=&#8221;29.6875px|0px|137px|0px&#8221; global_colors_info=&#8221;{}&#8221;][et_pb_column_inner saved_specialty_column_type=&#8221;3_4&#8243; _builder_version=&#8221;4.16&#8243; custom_padding=&#8221;|||&#8221; global_colors_info=&#8221;{}&#8221; parallax__hover=&#8221;off&#8221; parallax_method__hover=&#8221;on&#8221; custom_padding__hover=&#8221;|||&#8221;][et_pb_toggle title=&#8221;N\u00facleo Baixo Amazonas&#8221; open_toggle_background_color=&#8221;#ccf2b5&#8243; closed_toggle_background_color=&#8221;#ccf2b5&#8243; icon_color=&#8221;#126d58&#8243; open_icon_color=&#8221;#126d58&#8243; _builder_version=&#8221;4.27.4&#8243; title_font=&#8221;|600|||||||&#8221; title_font_size=&#8221;19px&#8221; body_font=&#8221;||||||||&#8221; background_color=&#8221;#c2f747&#8243; hover_enabled=&#8221;0&#8243; border_color_all=&#8221;RGBA(255,255,255,0)&#8221; box_shadow_style=&#8221;preset2&#8243; global_colors_info=&#8221;{}&#8221; sticky_enabled=&#8221;0&#8243;]<\/p>\n<p style=\"text-align: center;\"><strong>PROGRAMA\u00c7\u00c3O MENSAL DE CURSOS DE CAPACITA\u00c7\u00c3O PROFISSIONAL E PROMO\u00c7\u00c3O SOCIAL\/2026<\/strong><\/p>\n<p style=\"text-align: center;\"><strong>M\u00eas: JULHO<\/strong><\/p>\n<table width=\"690\">\n<tbody>\n<tr>\n<td width=\"201\" style=\"text-align: center;\"><strong>Munic\u00edpio<\/strong><\/td>\n<td width=\"360\" style=\"text-align: center;\"><strong>T\u00edtulo Evento<\/strong><\/td>\n<td width=\"61\" style=\"text-align: center;\"><strong>Dt. In\u00edcio<\/strong><\/td>\n<td width=\"68\" style=\"text-align: center;\"><strong>Dt. T\u00e9rmino<\/strong><\/td>\n<\/tr>\n<tr>\n<td>Monte Alegre<\/td>\n<td>PISCICULTURA &#8211; N\u00ba 202637960: Monte Alegre<\/td>\n<td>20\/07\/2026<\/td>\n<td>24\/07\/2026<\/td>\n<\/tr>\n<tr>\n<td>Monte Alegre<\/td>\n<td>Pintura em Tecidos &#8211; N\u00ba 202637961: Monte Alegre<\/td>\n<td>20\/07\/2026<\/td>\n<td>24\/07\/2026<\/td>\n<\/tr>\n<tr>\n<td>Santar\u00e9m<\/td>\n<td>Costureiro &#8211; N\u00ba 202637962: Santar\u00e9m<\/td>\n<td>20\/07\/2026<\/td>\n<td>24\/07\/2026<\/td>\n<\/tr>\n<tr>\n<td>Santar\u00e9m<\/td>\n<td>Operador no Processo de Moagem (Transforma\u00e7\u00e3o Caseira da Mandioca) &#8211; N\u00ba 202637963: Santar\u00e9m<\/td>\n<td>20\/07\/2026<\/td>\n<td>24\/07\/2026<\/td>\n<\/tr>\n<tr>\n<td>Santar\u00e9m<\/td>\n<td>Artesanato em Tecidos &#8211; N\u00ba 202637964: Santar\u00e9m<\/td>\n<td>20\/07\/2026<\/td>\n<td>24\/07\/2026<\/td>\n<\/tr>\n<tr>\n<td>Santar\u00e9m<\/td>\n<td>PANIFICA\u00c7\u00c3O\u00a0 &#8211; N\u00ba 202637965: Santar\u00e9m<\/td>\n<td>20\/07\/2026<\/td>\n<td>24\/07\/2026<\/td>\n<\/tr>\n<tr>\n<td>Santar\u00e9m<\/td>\n<td>Processamento de Conservas Vegetais,Compotas e\u00a0 Frutas Cristalizadas e Desidratadas &#8211; N\u00ba 202637966: Santar\u00e9m<\/td>\n<td>20\/07\/2026<\/td>\n<td>24\/07\/2026<\/td>\n<\/tr>\n<tr>\n<td>Santar\u00e9m<\/td>\n<td>Trabalhador no cultivo de Plantas Medicinais &#8211; N\u00ba 202637967: Santar\u00e9m<\/td>\n<td>20\/07\/2026<\/td>\n<td>24\/07\/2026<\/td>\n<\/tr>\n<tr>\n<td>Oriximin\u00e1<\/td>\n<td>Opera\u00e7\u00e3o e Manuten\u00e7\u00e3o de Tratores Agr\u00edcolas &#8211; N\u00ba 202637968: Oriximin\u00e1<\/td>\n<td>20\/07\/2026<\/td>\n<td>24\/07\/2026<\/td>\n<\/tr>\n<tr>\n<td>Santar\u00e9m<\/td>\n<td>PRODU\u00c7\u00c3O DE HORTALI\u00c7AS FOLHOSAS &#8211; N\u00ba 202637969: Santar\u00e9m<\/td>\n<td>20\/07\/2026<\/td>\n<td>24\/07\/2026<\/td>\n<\/tr>\n<\/tbody>\n<\/table>\n<p style=\"text-align: center;\"><strong><\/strong><\/p>\n<p>[\/et_pb_toggle][et_pb_toggle title=&#8221;N\u00facleo Bragantina&#8221; open_toggle_background_color=&#8221;#ccf2b5&#8243; closed_toggle_background_color=&#8221;#ccf2b5&#8243; icon_color=&#8221;#126d58&#8243; open_icon_color=&#8221;#126d58&#8243; module_class=&#8221;bragantino&#8221; _builder_version=&#8221;4.27.4&#8243; title_font=&#8221;|600|||||||&#8221; title_font_size=&#8221;19px&#8221; body_font=&#8221;||||||||&#8221; hover_enabled=&#8221;0&#8243; box_shadow_style=&#8221;preset1&#8243; global_colors_info=&#8221;{}&#8221; sticky_enabled=&#8221;0&#8243;]<\/p>\n<p>&nbsp;<\/p>\n<p style=\"text-align: center;\"><strong>PROGRAMA\u00c7\u00c3O MENSAL DE CURSOS DE CAPACITA\u00c7\u00c3O PROFISSIONAL E PROMO\u00c7\u00c3O SOCIAL\/2026<\/strong><\/p>\n<p style=\"text-align: center;\"><b>M\u00eas: JULHO<\/b><\/p>\n<table width=\"690\">\n<tbody>\n<tr>\n<td width=\"201\" style=\"text-align: center;\"><strong>Munic\u00edpio<\/strong><\/td>\n<td width=\"360\" style=\"text-align: center;\"><strong>T\u00edtulo Evento<\/strong><\/td>\n<td width=\"61\" style=\"text-align: center;\"><strong>Dt. In\u00edcio<\/strong><\/td>\n<td width=\"68\" style=\"text-align: center;\"><strong>Dt. T\u00e9rmino<\/strong><\/td>\n<\/tr>\n<tr>\n<td>Capit\u00e3o Po\u00e7o<\/td>\n<td>Pintura em Tecidos &#8211; N\u00ba 202637971: Capit\u00e3o Po\u00e7o<\/td>\n<td>20\/07\/2026<\/td>\n<td>24\/07\/2026<\/td>\n<\/tr>\n<tr>\n<td>Augusto Corr\u00eaa<\/td>\n<td>Artesanato em Tecidos &#8211; N\u00ba 202637972: Augusto Corr\u00eaa<\/td>\n<td>20\/07\/2026<\/td>\n<td>24\/07\/2026<\/td>\n<\/tr>\n<tr>\n<td>Augusto Corr\u00eaa<\/td>\n<td>Artesanato em Croch\u00ea &#8211; N\u00ba 202637973: Augusto Corr\u00eaa<\/td>\n<td>20\/07\/2026<\/td>\n<td>24\/07\/2026<\/td>\n<\/tr>\n<tr>\n<td>Capanema<\/td>\n<td>Padeiro(Salgados) &#8211; N\u00ba 202637974: Capanema<\/td>\n<td>20\/07\/2026<\/td>\n<td>24\/07\/2026<\/td>\n<\/tr>\n<tr>\n<td>Bragan\u00e7a<\/td>\n<td>Avicultura &#8211; Frango Caipira para corte &#8211; N\u00ba 202637975: Bragan\u00e7a<\/td>\n<td>20\/07\/2026<\/td>\n<td>24\/07\/2026<\/td>\n<\/tr>\n<tr>\n<td>Capanema<\/td>\n<td>Pintura em Tecidos &#8211; N\u00ba 202637976: Capanema<\/td>\n<td>20\/07\/2026<\/td>\n<td>24\/07\/2026<\/td>\n<\/tr>\n<tr>\n<td>Viseu<\/td>\n<td>Olericultura B\u00e1sica &#8211; N\u00ba 202637977: Viseu<\/td>\n<td>20\/07\/2026<\/td>\n<td>24\/07\/2026<\/td>\n<\/tr>\n<tr>\n<td>S\u00e3o Jo\u00e3o de Pirabas<\/td>\n<td>Padeiro(Salgados) &#8211; N\u00ba 202637978: S\u00e3o Jo\u00e3o de Pirabas<\/td>\n<td>20\/07\/2026<\/td>\n<td>24\/07\/2026<\/td>\n<\/tr>\n<tr>\n<td>Santar\u00e9m Novo<\/td>\n<td>Fruticultura( Cultivo de A\u00e7aizeiro) &#8211; N\u00ba 202637979: Santar\u00e9m Novo<\/td>\n<td>20\/07\/2026<\/td>\n<td>24\/07\/2026<\/td>\n<\/tr>\n<tr>\n<td>S\u00e3o Jo\u00e3o de Pirabas<\/td>\n<td>Floricultura, Jardinagem e Paisagismo &#8211; N\u00ba 202637980: S\u00e3o Jo\u00e3o de Pirabas<\/td>\n<td>20\/07\/2026<\/td>\n<td>24\/07\/2026<\/td>\n<\/tr>\n<tr>\n<td>Salin\u00f3polis<\/td>\n<td>PANIFICA\u00c7\u00c3O\u00a0 &#8211; N\u00ba 202637981: Salin\u00f3polis<\/td>\n<td>20\/07\/2026<\/td>\n<td>24\/07\/2026<\/td>\n<\/tr>\n<tr>\n<td>Primavera<\/td>\n<td>Explora\u00e7\u00e3o do A\u00e7a\u00ed(manejo de a\u00e7aizais) &#8211; N\u00ba 202637982: Primavera<\/td>\n<td>20\/07\/2026<\/td>\n<td>24\/07\/2026<\/td>\n<\/tr>\n<tr>\n<td>Garraf\u00e3o do Norte<\/td>\n<td>Confeccionador de Bioj\u00f3ias Ecoj\u00f3ias &#8211; N\u00ba 202637983: Garraf\u00e3o do Norte<\/td>\n<td>20\/07\/2026<\/td>\n<td>24\/07\/2026<\/td>\n<\/tr>\n<\/tbody>\n<\/table>\n<p style=\"text-align: center;\"><b><\/b><\/p>\n<p style=\"text-align: center;\"><b><\/b><\/p>\n<p>[\/et_pb_toggle][et_pb_toggle title=&#8221;N\u00facleo Caraj\u00e1s&#8221; open_toggle_background_color=&#8221;#ccf2b5&#8243; closed_toggle_background_color=&#8221;#ccf2b5&#8243; icon_color=&#8221;#126d58&#8243; open_icon_color=&#8221;#126d58&#8243; _builder_version=&#8221;4.27.4&#8243; title_font=&#8221;|600|||||||&#8221; title_font_size=&#8221;19px&#8221; body_font=&#8221;||||||||&#8221; hover_enabled=&#8221;0&#8243; box_shadow_style=&#8221;preset1&#8243; global_colors_info=&#8221;{}&#8221; sticky_enabled=&#8221;0&#8243;]<\/p>\n<p><strong>PROGRAMA\u00c7\u00c3O MENSAL DE CURSOS DE CAPACITA\u00c7\u00c3O PROFISSIONAL E PROMO\u00c7\u00c3O SOCIAL\/2026<\/strong><\/p>\n<p style=\"text-align: center;\">\u00a0<b>M\u00eas: JULHO<\/b><\/p>\n<table width=\"690\">\n<tbody>\n<tr>\n<td width=\"201\" style=\"text-align: center;\"><strong>Munic\u00edpio<\/strong><\/td>\n<td width=\"360\" style=\"text-align: center;\"><strong>T\u00edtulo Evento<\/strong><\/td>\n<td width=\"61\" style=\"text-align: center;\"><strong>Dt. In\u00edcio<\/strong><\/td>\n<td width=\"68\" style=\"text-align: center;\"><strong>Dt. T\u00e9rmino<\/strong><\/td>\n<\/tr>\n<tr>\n<td>Parauapebas<\/td>\n<td>Panifica\u00e7\u00e3o &#8211; N\u00ba 202637984: Parauapebas<\/td>\n<td>20\/07\/2026<\/td>\n<td>24\/07\/2026<\/td>\n<\/tr>\n<tr>\n<td>Marab\u00e1<\/td>\n<td>Meliponicultura &#8211; N\u00ba 202637985: Marab\u00e1<\/td>\n<td>20\/07\/2026<\/td>\n<td>24\/07\/2026<\/td>\n<\/tr>\n<tr>\n<td>Parauapebas<\/td>\n<td>Artesanato em Tecidos &#8211; N\u00ba 202637986: Parauapebas<\/td>\n<td>20\/07\/2026<\/td>\n<td>24\/07\/2026<\/td>\n<\/tr>\n<tr>\n<td>Parauapebas<\/td>\n<td>PRIMEIROS SOCORROS PREVEN\u00c7\u00c3O DE ACIDENTES &#8211; N\u00ba 202637987: Parauapebas<\/td>\n<td>20\/07\/2026<\/td>\n<td>24\/07\/2026<\/td>\n<\/tr>\n<tr>\n<td>Bom Jesus do Tocantins<\/td>\n<td>Artesanato em Materiais Recicl\u00e1veis &#8211; N\u00ba 202637988: Bom Jesus do Tocantins<\/td>\n<td>20\/07\/2026<\/td>\n<td>24\/07\/2026<\/td>\n<\/tr>\n<tr>\n<td>Parauapebas<\/td>\n<td>Processamento de Conservas Vegetais,Compotas e\u00a0 Frutas Cristalizadas e Desidratadas &#8211; N\u00ba 202637989: Parauapebas<\/td>\n<td>20\/07\/2026<\/td>\n<td>24\/07\/2026<\/td>\n<\/tr>\n<tr>\n<td>Abel Figueiredo<\/td>\n<td>PISCICULTURA &#8211; N\u00ba 202637990: Abel Figueiredo<\/td>\n<td>20\/07\/2026<\/td>\n<td>24\/07\/2026<\/td>\n<\/tr>\n<tr>\n<td>S\u00e3o Jo\u00e3o do Araguaia<\/td>\n<td>Opera\u00e7\u00e3o e Manuten\u00e7\u00e3o de Tratores Agr\u00edcolas &#8211; N\u00ba 202637991: S\u00e3o Jo\u00e3o do Araguaia<\/td>\n<td>20\/07\/2026<\/td>\n<td>24\/07\/2026<\/td>\n<\/tr>\n<tr>\n<td>S\u00e3o Jo\u00e3o do Araguaia<\/td>\n<td>Bolos\u00a0 e Doces &#8211; N\u00ba 202637992: S\u00e3o Jo\u00e3o do Araguaia<\/td>\n<td>20\/07\/2026<\/td>\n<td>24\/07\/2026<\/td>\n<\/tr>\n<tr>\n<td>Abel Figueiredo<\/td>\n<td>Trabalhador na Produ\u00e7\u00e3o de Derivados do Leite &#8211; N\u00ba 202637993: Abel Figueiredo<\/td>\n<td>20\/07\/2026<\/td>\n<td>24\/07\/2026<\/td>\n<\/tr>\n<tr>\n<td>Palestina do Par\u00e1<\/td>\n<td>Educa\u00e7\u00e3o para Organiza\u00e7\u00e3o Comunit\u00e1ria(Associativismo e Cooperativismo) &#8211; N\u00ba 202638050: Palestina do Par\u00e1<\/td>\n<td>20\/07\/2026<\/td>\n<td>24\/07\/2026<\/td>\n<\/tr>\n<\/tbody>\n<\/table>\n<p style=\"text-align: center;\"><b><\/b><\/p>\n<p>[\/et_pb_toggle][et_pb_toggle title=&#8221;N\u00facleo Guajarina&#8221; open_toggle_background_color=&#8221;#ccf2b5&#8243; closed_toggle_background_color=&#8221;#ccf2b5&#8243; icon_color=&#8221;#126d58&#8243; open_icon_color=&#8221;#126d58&#8243; module_class=&#8221;guajarino&#8221; _builder_version=&#8221;4.27.4&#8243; title_font=&#8221;|600|||||||&#8221; title_font_size=&#8221;19px&#8221; body_font=&#8221;||||||||&#8221; hover_enabled=&#8221;0&#8243; box_shadow_style=&#8221;preset1&#8243; global_colors_info=&#8221;{}&#8221; sticky_enabled=&#8221;0&#8243;]<\/p>\n<p style=\"text-align: center;\"><strong>PROGRAMA\u00c7\u00c3O MENSAL DE CURSOS DE CAPACITA\u00c7\u00c3O PROFISSIONAL E PROMO\u00c7\u00c3O SOCIAL\/2026<\/strong><\/p>\n<p style=\"text-align: center;\"><strong>M\u00eas: JULHO<\/strong><\/p>\n<table width=\"690\">\n<tbody>\n<tr>\n<td width=\"201\" style=\"text-align: center;\"><strong>Munic\u00edpio<\/strong><\/td>\n<td width=\"360\" style=\"text-align: center;\"><strong>T\u00edtulo Evento<\/strong><\/td>\n<td width=\"61\" style=\"text-align: center;\"><strong>Dt. In\u00edcio<\/strong><\/td>\n<td width=\"68\" style=\"text-align: center;\"><strong>Dt. T\u00e9rmino<\/strong><\/td>\n<\/tr>\n<tr>\n<td>S\u00e3o Caetano de Odivelas<\/td>\n<td>Olericultura B\u00e1sica &#8211; N\u00ba 202637994: S\u00e3o Caetano de Odivelas<\/td>\n<td>20\/07\/2026<\/td>\n<td>24\/07\/2026<\/td>\n<\/tr>\n<tr>\n<td>S\u00e3o Domingos do Capim<\/td>\n<td>Bolos\u00a0 e Doces &#8211; N\u00ba 202637995: S\u00e3o Domingos do Capim<\/td>\n<td>20\/07\/2026<\/td>\n<td>24\/07\/2026<\/td>\n<\/tr>\n<tr>\n<td>S\u00e3o Domingos do Capim<\/td>\n<td>Bolos\u00a0 e Doces &#8211; N\u00ba 202637996: S\u00e3o Domingos do Capim<\/td>\n<td>20\/07\/2026<\/td>\n<td>24\/07\/2026<\/td>\n<\/tr>\n<tr>\n<td>S\u00e3o Domingos do Capim<\/td>\n<td>Trabalhador na Opera\u00e7\u00e3o e Manuten\u00e7\u00e3o de Ro\u00e7adeira Costal &#8211; N\u00ba 202637997: S\u00e3o Domingos do Capim<\/td>\n<td>20\/07\/2026<\/td>\n<td>24\/07\/2026<\/td>\n<\/tr>\n<tr>\n<td>S\u00e3o Domingos do Capim<\/td>\n<td>ARTESANATO DE BORDADOS( SAND\u00c1LIAS DECORADAS) &#8211; N\u00ba 202637998: S\u00e3o Domingos do Capim<\/td>\n<td>20\/07\/2026<\/td>\n<td>24\/07\/2026<\/td>\n<\/tr>\n<tr>\n<td>Terra Alta<\/td>\n<td>Artesanato em Sementes, Cascas e Folhas(Bioj\u00f3ias) &#8211; N\u00ba 202637999: Terra Alta<\/td>\n<td>20\/07\/2026<\/td>\n<td>24\/07\/2026<\/td>\n<\/tr>\n<tr>\n<td>Vigia<\/td>\n<td>Bolos\u00a0 e Doces &#8211; N\u00ba 202638000: Vigia<\/td>\n<td>20\/07\/2026<\/td>\n<td>24\/07\/2026<\/td>\n<\/tr>\n<tr>\n<td>Bujaru<\/td>\n<td>Irriga\u00e7\u00e3o e Drenagem &#8211; N\u00ba 202638001: Bujaru<\/td>\n<td>20\/07\/2026<\/td>\n<td>24\/07\/2026<\/td>\n<\/tr>\n<tr>\n<td>Santa Isabel do Par\u00e1<\/td>\n<td>ARTESANATO DE BORDADOS( SAND\u00c1LIAS DECORADAS) &#8211; N\u00ba 202638002: Santa Isabel do Par\u00e1<\/td>\n<td>20\/07\/2026<\/td>\n<td>24\/07\/2026<\/td>\n<\/tr>\n<tr>\n<td>Colares<\/td>\n<td>Trabalhador na Fruticultura &#8211; N\u00ba 202638003: Colares<\/td>\n<td>20\/07\/2026<\/td>\n<td>24\/07\/2026<\/td>\n<\/tr>\n<tr>\n<td>Santa Isabel do Par\u00e1<\/td>\n<td>Opera\u00e7\u00e3o e Manuten\u00e7\u00e3o de Tratores Agr\u00edcolas &#8211; N\u00ba 202638004: Santa Isabel do Par\u00e1<\/td>\n<td>20\/07\/2026<\/td>\n<td>24\/07\/2026<\/td>\n<\/tr>\n<tr>\n<td>Curu\u00e7\u00e1<\/td>\n<td>Beneficiamento Prim\u00e1rio de Plantas Medicinais &#8211; N\u00ba 202638005: Curu\u00e7\u00e1<\/td>\n<td>20\/07\/2026<\/td>\n<td>24\/07\/2026<\/td>\n<\/tr>\n<tr>\n<td>Santa Isabel do Par\u00e1<\/td>\n<td>VIVEIRISTA EM FRUTICULTURA &#8211; N\u00ba 202638006: Santa Isabel do Par\u00e1<\/td>\n<td>20\/07\/2026<\/td>\n<td>24\/07\/2026<\/td>\n<\/tr>\n<tr>\n<td>Igarap\u00e9-A\u00e7u<\/td>\n<td>Opera\u00e7\u00e3o e Manuten\u00e7\u00e3o de Tratores Agr\u00edcolas &#8211; N\u00ba 202638007: Igarap\u00e9-A\u00e7u<\/td>\n<td>20\/07\/2026<\/td>\n<td>24\/07\/2026<\/td>\n<\/tr>\n<\/tbody>\n<\/table>\n<p>[\/et_pb_toggle][et_pb_toggle title=&#8221;N\u00facleo Maraj\u00f3&#8221; open_toggle_background_color=&#8221;#ccf2b5&#8243; closed_toggle_background_color=&#8221;#ccf2b5&#8243; icon_color=&#8221;#126d58&#8243; open_icon_color=&#8221;#126d58&#8243; _builder_version=&#8221;4.27.4&#8243; title_font=&#8221;|600|||||||&#8221; title_font_size=&#8221;19px&#8221; body_font=&#8221;||||||||&#8221; hover_enabled=&#8221;0&#8243; box_shadow_style=&#8221;preset1&#8243; global_colors_info=&#8221;{}&#8221; sticky_enabled=&#8221;0&#8243;]<\/p>\n<p style=\"text-align: center;\"><strong>PROGRAMA\u00c7\u00c3O MENSAL DE CURSOS DE CAPACITA\u00c7\u00c3O PROFISSIONAL E PROMO\u00c7\u00c3O SOCIAL\/2025<\/strong><\/p>\n<p style=\"text-align: center;\"><strong>M\u00eas: JULHO<\/strong><\/p>\n<table width=\"690\">\n<tbody>\n<tr>\n<td width=\"201\" style=\"text-align: center;\"><strong>Munic\u00edpio<\/strong><\/td>\n<td width=\"360\" style=\"text-align: center;\"><strong>T\u00edtulo Evento<\/strong><\/td>\n<td width=\"61\" style=\"text-align: center;\"><strong>Dt. In\u00edcio<\/strong><\/td>\n<td width=\"68\" style=\"text-align: center;\"><strong>Dt. T\u00e9rmino<\/strong><\/td>\n<\/tr>\n<tr>\n<td>Limoeiro do Ajuru<\/td>\n<td>INFORM\u00c1TICA B\u00c1SICA &#8211; GEST\u00c3O RURAL &#8211; N\u00ba 202637956: Limoeiro do Ajuru<\/td>\n<td>21\/07\/2026<\/td>\n<td>25\/07\/2026<\/td>\n<\/tr>\n<tr>\n<td>Portel<\/td>\n<td>Opera\u00e7\u00e3o e Manuten\u00e7\u00e3o de Tratores Agr\u00edcolas &#8211; N\u00ba 202638008: Portel<\/td>\n<td>20\/07\/2026<\/td>\n<td>24\/07\/2026<\/td>\n<\/tr>\n<tr>\n<td>Ananindeua<\/td>\n<td>Bolos\u00a0 e Doces &#8211; N\u00ba 202638009: Ananindeua<\/td>\n<td>20\/07\/2026<\/td>\n<td>24\/07\/2026<\/td>\n<\/tr>\n<tr>\n<td>Benevides<\/td>\n<td>Compostagem Org\u00e2nica &#8211; N\u00ba 202638010: Benevides<\/td>\n<td>20\/07\/2026<\/td>\n<td>24\/07\/2026<\/td>\n<\/tr>\n<tr>\n<td>Benevides<\/td>\n<td>Avicultura &#8211; N\u00ba 202638011: Benevides<\/td>\n<td>20\/07\/2026<\/td>\n<td>24\/07\/2026<\/td>\n<\/tr>\n<tr>\n<td>Curralinho<\/td>\n<td>Trabalhador na Fruticultura &#8211; N\u00ba 202638012: Curralinho<\/td>\n<td>20\/07\/2026<\/td>\n<td>24\/07\/2026<\/td>\n<\/tr>\n<tr>\n<td>Salvaterra<\/td>\n<td>Bolos\u00a0 e Doces &#8211; N\u00ba 202638013: Salvaterra<\/td>\n<td>20\/07\/2026<\/td>\n<td>24\/07\/2026<\/td>\n<\/tr>\n<tr>\n<td>Salvaterra<\/td>\n<td>INFORM\u00c1TICA B\u00c1SICA &#8211; GEST\u00c3O RURAL &#8211; N\u00ba 202638014: Salvaterra<\/td>\n<td>20\/07\/2026<\/td>\n<td>24\/07\/2026<\/td>\n<\/tr>\n<tr>\n<td>Ponta de Pedras<\/td>\n<td>Costureiro &#8211; N\u00ba 202638015: Ponta de Pedras<\/td>\n<td>20\/07\/2026<\/td>\n<td>24\/07\/2026<\/td>\n<\/tr>\n<tr>\n<td>Bel\u00e9m<\/td>\n<td>Eletricista Rural B\u00e1sico &#8211; N\u00ba 202638016: Bel\u00e9m<\/td>\n<td>20\/07\/2026<\/td>\n<td>24\/07\/2026<\/td>\n<\/tr>\n<tr>\n<td>Bel\u00e9m<\/td>\n<td>Olericultura B\u00e1sica &#8211; N\u00ba 202638017: Bel\u00e9m<\/td>\n<td>20\/07\/2026<\/td>\n<td>24\/07\/2026<\/td>\n<\/tr>\n<tr>\n<td>Bel\u00e9m<\/td>\n<td>ARTESANATO DE BORDADOS( SAND\u00c1LIAS DECORADAS) &#8211; N\u00ba 202638018: Bel\u00e9m<\/td>\n<td>20\/07\/2026<\/td>\n<td>24\/07\/2026<\/td>\n<\/tr>\n<tr>\n<td>Ananindeua<\/td>\n<td>Eletricista Rural B\u00e1sico &#8211; N\u00ba 202638019: Ananindeua<\/td>\n<td>20\/07\/2026<\/td>\n<td>24\/07\/2026<\/td>\n<\/tr>\n<tr>\n<td>Ananindeua<\/td>\n<td>ARTESANATO DE BORDADOS( SAND\u00c1LIAS DECORADAS) &#8211; N\u00ba 202638020: Ananindeua<\/td>\n<td>20\/07\/2026<\/td>\n<td>24\/07\/2026<\/td>\n<\/tr>\n<tr>\n<td>Igarap\u00e9-Miri<\/td>\n<td>INFORM\u00c1TICA B\u00c1SICA &#8211; GEST\u00c3O RURAL &#8211; N\u00ba 202638021: Igarap\u00e9-Miri<\/td>\n<td>20\/07\/2026<\/td>\n<td>24\/07\/2026<\/td>\n<\/tr>\n<tr>\n<td>Igarap\u00e9-Miri<\/td>\n<td>Panifica\u00e7\u00e3o &#8211; N\u00ba 202638022: Igarap\u00e9-Miri<\/td>\n<td>20\/07\/2026<\/td>\n<td>24\/07\/2026<\/td>\n<\/tr>\n<tr>\n<td>Igarap\u00e9-Miri<\/td>\n<td>Confeccionador de Bioj\u00f3ias Ecoj\u00f3ias &#8211; N\u00ba 202638023: Igarap\u00e9-Miri<\/td>\n<td>20\/07\/2026<\/td>\n<td>24\/07\/2026<\/td>\n<\/tr>\n<tr>\n<td>Acar\u00e1<\/td>\n<td>Opera\u00e7\u00e3o\u00a0 e Manuten\u00e7\u00e3o de Motosserras, Cortadoras de Grama, Ro\u00e7adeiras\u00a0 e similares &#8211; N\u00ba 202638024: Acar\u00e1<\/td>\n<td>20\/07\/2026<\/td>\n<td>24\/07\/2026<\/td>\n<\/tr>\n<tr>\n<td>Oeiras do Par\u00e1<\/td>\n<td>Produ\u00e7\u00e3o de Sementes e Mudas &#8211; N\u00ba 202638025: Oeiras do Par\u00e1<\/td>\n<td>20\/07\/2026<\/td>\n<td>24\/07\/2026<\/td>\n<\/tr>\n<tr>\n<td>Acar\u00e1<\/td>\n<td>Beneficiamento de Carne &#8211; N\u00ba 202638026: Acar\u00e1<\/td>\n<td>20\/07\/2026<\/td>\n<td>24\/07\/2026<\/td>\n<\/tr>\n<tr>\n<td>Oeiras do Par\u00e1<\/td>\n<td>Reflorestamento &#8211; N\u00ba 202638027: Oeiras do Par\u00e1<\/td>\n<td>20\/07\/2026<\/td>\n<td>24\/07\/2026<\/td>\n<\/tr>\n<tr>\n<td>Acar\u00e1<\/td>\n<td>Administra\u00e7\u00e3o de\u00a0\u00a0 Propriedades\u00a0 em Regime de Economia Familiar &#8211; N\u00ba 202638028: Acar\u00e1<\/td>\n<td>20\/07\/2026<\/td>\n<td>24\/07\/2026<\/td>\n<\/tr>\n<tr>\n<td>Oeiras do Par\u00e1<\/td>\n<td>Pedreiro &#8211; N\u00ba 202638029: Oeiras do Par\u00e1<\/td>\n<td>20\/07\/2026<\/td>\n<td>24\/07\/2026<\/td>\n<\/tr>\n<tr>\n<td>Ananindeua<\/td>\n<td>Artesanato em Tecidos &#8211; N\u00ba 202638030: Ananindeua<\/td>\n<td>20\/07\/2026<\/td>\n<td>24\/07\/2026<\/td>\n<\/tr>\n<tr>\n<td>Afu\u00e1<\/td>\n<td>Avicultura &#8211; N\u00ba 202638031: Afu\u00e1<\/td>\n<td>20\/07\/2026<\/td>\n<td>24\/07\/2026<\/td>\n<\/tr>\n<tr>\n<td>Acar\u00e1<\/td>\n<td>Avicultura &#8211; N\u00ba 202638032: Acar\u00e1<\/td>\n<td>20\/07\/2026<\/td>\n<td>24\/07\/2026<\/td>\n<\/tr>\n<tr>\n<td>Marituba<\/td>\n<td>Confeccionador de Bioj\u00f3ias Ecoj\u00f3ias &#8211; N\u00ba 202638033: Marituba<\/td>\n<td>20\/07\/2026<\/td>\n<td>24\/07\/2026<\/td>\n<\/tr>\n<tr>\n<td>Acar\u00e1<\/td>\n<td>Avicultura &#8211; N\u00ba 202638034: Acar\u00e1<\/td>\n<td>20\/07\/2026<\/td>\n<td>24\/07\/2026<\/td>\n<\/tr>\n<tr>\n<td>Ananindeua<\/td>\n<td>Artesanato em Tecidos(Confec\u00e7\u00e3o de Bolsas)\u00a0 &#8211; N\u00ba 202638035: Ananindeua<\/td>\n<td>20\/07\/2026<\/td>\n<td>24\/07\/2026<\/td>\n<\/tr>\n<tr>\n<td>Cachoeira do Arari<\/td>\n<td>Turismo Rural(Gar\u00e7om e Gar\u00e7onete)\u00a0 &#8211; N\u00ba 202638036: Cachoeira do Arari<\/td>\n<td>20\/07\/2026<\/td>\n<td>24\/07\/2026<\/td>\n<\/tr>\n<tr>\n<td>Gurup\u00e1<\/td>\n<td>A\u00e7ougueiro\u00a0 &#8211; N\u00ba 202638037: Gurup\u00e1<\/td>\n<td>20\/07\/2026<\/td>\n<td>24\/07\/2026<\/td>\n<\/tr>\n<tr>\n<td>Ananindeua<\/td>\n<td>Corte e costura &#8211; N\u00ba 202638038: Ananindeua<\/td>\n<td>20\/07\/2026<\/td>\n<td>24\/07\/2026<\/td>\n<\/tr>\n<tr>\n<td>Marituba<\/td>\n<td>Panifica\u00e7\u00e3o &#8211; N\u00ba 202638039: Marituba<\/td>\n<td>20\/07\/2026<\/td>\n<td>24\/07\/2026<\/td>\n<\/tr>\n<tr>\n<td>Salvaterra<\/td>\n<td>Bolos\u00a0 e Doces &#8211; N\u00ba 202638040: Salvaterra<\/td>\n<td>20\/07\/2026<\/td>\n<td>24\/07\/2026<\/td>\n<\/tr>\n<tr>\n<td>Breves<\/td>\n<td>MULHERES EM CAMPO &#8211; 40 HORAS &#8211; N\u00ba 202638112: Breves<\/td>\n<td>20\/07\/2026<\/td>\n<td>24\/07\/2026<\/td>\n<\/tr>\n<tr>\n<td>Igarap\u00e9-Miri<\/td>\n<td>Artesanato em Materiais Recicl\u00e1veis &#8211; N\u00ba 202638114: Igarap\u00e9-Miri<\/td>\n<td>20\/07\/2026<\/td>\n<td>24\/07\/2026<\/td>\n<\/tr>\n<tr>\n<td>Bel\u00e9m<\/td>\n<td>Produ\u00e7\u00e3o de Sementes e Mudas &#8211; N\u00ba 202638117: Bel\u00e9m<\/td>\n<td>20\/07\/2026<\/td>\n<td>24\/07\/2026<\/td>\n<\/tr>\n<tr>\n<td>S\u00e3o Sebasti\u00e3o da Boa Vista<\/td>\n<td>Confeccionador de Bioj\u00f3ias Ecoj\u00f3ias &#8211; N\u00ba 202638121: S\u00e3o Sebasti\u00e3o da Boa Vista<\/td>\n<td>20\/07\/2026<\/td>\n<td>24\/07\/2026<\/td>\n<\/tr>\n<\/tbody>\n<\/table>\n<p>[\/et_pb_toggle][et_pb_toggle title=&#8221;N\u00facleo Nordeste Paraense&#8221; open_toggle_background_color=&#8221;#ccf2b5&#8243; closed_toggle_background_color=&#8221;#ccf2b5&#8243; icon_color=&#8221;#126d58&#8243; open_icon_color=&#8221;#126d58&#8243; module_class=&#8221;nordeste&#8221; _builder_version=&#8221;4.27.4&#8243; title_font=&#8221;|600|||||||&#8221; title_font_size=&#8221;19px&#8221; body_font=&#8221;||||||||&#8221; hover_enabled=&#8221;0&#8243; box_shadow_style=&#8221;preset1&#8243; global_colors_info=&#8221;{}&#8221; sticky_enabled=&#8221;0&#8243;]<\/p>\n<p style=\"text-align: center;\"><strong>PROGRAMA\u00c7\u00c3O MENSAL DE CURSOS DE CAPACITA\u00c7\u00c3O PROFISSIONAL E PROMO\u00c7\u00c3O SOCIAL\/2026<\/strong><\/p>\n<p style=\"text-align: center;\"><strong>M\u00eas: JULHO<\/strong><\/p>\n<table width=\"690\">\n<tbody>\n<tr>\n<td width=\"201\" style=\"text-align: center;\"><strong>Munic\u00edpio<\/strong><\/td>\n<td width=\"360\" style=\"text-align: center;\"><strong>T\u00edtulo Evento<\/strong><\/td>\n<td width=\"61\" style=\"text-align: center;\"><strong>Dt. In\u00edcio<\/strong><\/td>\n<td width=\"68\" style=\"text-align: center;\"><strong>Dt. T\u00e9rmino<\/strong><\/td>\n<\/tr>\n<tr>\n<td>Ipixuna do Par\u00e1<\/td>\n<td>Corte e costura &#8211; N\u00ba 202638041: Ipixuna do Par\u00e1<\/td>\n<td>20\/07\/2026<\/td>\n<td>24\/07\/2026<\/td>\n<\/tr>\n<tr>\n<td>Dom Eliseu<\/td>\n<td>CULTIVO DE MARACUJ\u00c1 &#8211; N\u00ba 202638042: Dom Eliseu<\/td>\n<td>20\/07\/2026<\/td>\n<td>24\/07\/2026<\/td>\n<\/tr>\n<tr>\n<td>Paragominas<\/td>\n<td>INFORM\u00c1TICA B\u00c1SICA &#8211; GEST\u00c3O RURAL &#8211; N\u00ba 202638043: Paragominas<\/td>\n<td>20\/07\/2026<\/td>\n<td>24\/07\/2026<\/td>\n<\/tr>\n<tr>\n<td>Paragominas<\/td>\n<td>Confeccionador de Bioj\u00f3ias Ecoj\u00f3ias &#8211; N\u00ba 202638044: Paragominas<\/td>\n<td>20\/07\/2026<\/td>\n<td>24\/07\/2026<\/td>\n<\/tr>\n<tr>\n<td>S\u00e3o Miguel do Guam\u00e1<\/td>\n<td>Boas pr\u00e1ticas para batedeira artesanal de a\u00e7a\u00ed\u00a0 &#8211; N\u00ba 202638045: S\u00e3o Miguel do Guam\u00e1<\/td>\n<td>20\/07\/2026<\/td>\n<td>24\/07\/2026<\/td>\n<\/tr>\n<tr>\n<td>M\u00e3e do Rio<\/td>\n<td>Bolos\u00a0 e Doces &#8211; N\u00ba 202638046: M\u00e3e do Rio<\/td>\n<td>20\/07\/2026<\/td>\n<td>24\/07\/2026<\/td>\n<\/tr>\n<tr>\n<td>S\u00e3o Miguel do Guam\u00e1<\/td>\n<td>Bolos\u00a0 e Doces &#8211; N\u00ba 202638047: S\u00e3o Miguel do Guam\u00e1<\/td>\n<td>20\/07\/2026<\/td>\n<td>24\/07\/2026<\/td>\n<\/tr>\n<tr>\n<td>Irituia<\/td>\n<td>Produ\u00e7\u00e3o Artesanal de Alimentos &#8211; N\u00ba 202638048: Irituia<\/td>\n<td>20\/07\/2026<\/td>\n<td>24\/07\/2026<\/td>\n<\/tr>\n<tr>\n<td>Paragominas<\/td>\n<td>Artesanato em Materiais Recicl\u00e1veis &#8211; N\u00ba 202638049: Paragominas<\/td>\n<td>20\/07\/2026<\/td>\n<td>24\/07\/2026<\/td>\n<\/tr>\n<tr>\n<td>Irituia<\/td>\n<td>Trabalhador na Produ\u00e7\u00e3o de Derivados do Leite &#8211; N\u00ba 202638051: Irituia<\/td>\n<td>20\/07\/2026<\/td>\n<td>24\/07\/2026<\/td>\n<\/tr>\n<tr>\n<td>Paragominas<\/td>\n<td>Costureiro &#8211; N\u00ba 202638052: Paragominas<\/td>\n<td>20\/07\/2026<\/td>\n<td>24\/07\/2026<\/td>\n<\/tr>\n<tr>\n<td>Paragominas<\/td>\n<td>Artesanato em Tecidos &#8211; N\u00ba 202638053: Paragominas<\/td>\n<td>20\/07\/2026<\/td>\n<td>24\/07\/2026<\/td>\n<\/tr>\n<tr>\n<td>Paragominas<\/td>\n<td>FORMA\u00c7\u00c3O DE BRIGADA DE INC\u00caNDIO &#8211; N\u00ba 202638054: Paragominas<\/td>\n<td>20\/07\/2026<\/td>\n<td>24\/07\/2026<\/td>\n<\/tr>\n<tr>\n<td>Irituia<\/td>\n<td>Processamento de Conservas Vegetais,Compotas e\u00a0 Frutas Cristalizadas e Desidratadas &#8211; N\u00ba 202638055: Irituia<\/td>\n<td>20\/07\/2026<\/td>\n<td>24\/07\/2026<\/td>\n<\/tr>\n<tr>\n<td>S\u00e3o Miguel do Guam\u00e1<\/td>\n<td>TRABALHADOR EM VIVEIROS (VIVERISTA) &#8211; N\u00ba 202638056: S\u00e3o Miguel do Guam\u00e1<\/td>\n<td>20\/07\/2026<\/td>\n<td>24\/07\/2026<\/td>\n<\/tr>\n<tr>\n<td>Tom\u00e9-A\u00e7\u00fa<\/td>\n<td>Opera\u00e7\u00e3o e Manuten\u00e7\u00e3o de Tratores Agr\u00edcolas &#8211; N\u00ba 202638057: Tom\u00e9-A\u00e7\u00fa<\/td>\n<td>20\/07\/2026<\/td>\n<td>24\/07\/2026<\/td>\n<\/tr>\n<\/tbody>\n<\/table>\n<p>[\/et_pb_toggle][et_pb_toggle title=&#8221;N\u00facleo Sul do Par\u00e1&#8221; open_toggle_background_color=&#8221;#ccf2b5&#8243; closed_toggle_background_color=&#8221;#ccf2b5&#8243; icon_color=&#8221;#126d58&#8243; open_icon_color=&#8221;#126d58&#8243; _builder_version=&#8221;4.27.4&#8243; title_font=&#8221;|600|||||||&#8221; title_font_size=&#8221;19px&#8221; body_font=&#8221;||||||||&#8221; hover_enabled=&#8221;0&#8243; box_shadow_style=&#8221;preset1&#8243; global_colors_info=&#8221;{}&#8221; sticky_enabled=&#8221;0&#8243;]<\/p>\n<p style=\"text-align: center;\"><strong>PROGRAMA\u00c7\u00c3O MENSAL DE CURSOS DE CAPACITA\u00c7\u00c3O PROFISSIONAL E PROMO\u00c7\u00c3O SOCIAL\/2026<\/strong><\/p>\n<p style=\"text-align: center;\"><b>M\u00eas: JULHO<\/b><\/p>\n<table width=\"690\">\n<tbody>\n<tr>\n<td width=\"201\" style=\"text-align: center;\"><strong>Munic\u00edpio<\/strong><\/td>\n<td width=\"360\" style=\"text-align: center;\"><strong>T\u00edtulo Evento<\/strong><\/td>\n<td width=\"61\" style=\"text-align: center;\"><strong>Dt. In\u00edcio<\/strong><\/td>\n<td width=\"68\" style=\"text-align: center;\"><strong>Dt. T\u00e9rmino<\/strong><\/td>\n<\/tr>\n<tr>\n<td>Xinguara<\/td>\n<td>Pintura em Tecidos &#8211; N\u00ba 202638058: Xinguara<\/td>\n<td>20\/07\/2026<\/td>\n<td>24\/07\/2026<\/td>\n<\/tr>\n<tr>\n<td>Cumaru do Norte<\/td>\n<td>Opera\u00e7\u00e3o e Manuten\u00e7\u00e3o de Tratores Agr\u00edcolas &#8211; N\u00ba 202638059: Cumaru do Norte<\/td>\n<td>20\/07\/2026<\/td>\n<td>24\/07\/2026<\/td>\n<\/tr>\n<tr>\n<td>Ouril\u00e2ndia do Norte<\/td>\n<td>ARTESANATO DE BORDADOS( SAND\u00c1LIAS DECORADAS) &#8211; N\u00ba 202638060: Ouril\u00e2ndia do Norte<\/td>\n<td>20\/07\/2026<\/td>\n<td>24\/07\/2026<\/td>\n<\/tr>\n<tr>\n<td>S\u00e3o F\u00e9lix do Xingu<\/td>\n<td>DOMA RACIONAL DE EQUINOS &#8211; N\u00ba 202638061: S\u00e3o F\u00e9lix do Xingu<\/td>\n<td>20\/07\/2026<\/td>\n<td>24\/07\/2026<\/td>\n<\/tr>\n<\/tbody>\n<\/table>\n<p style=\"text-align: center;\"><b><\/b><\/p>\n<p>[\/et_pb_toggle][et_pb_toggle title=&#8221;N\u00facleo Tapaj\u00f3s&#8221; open_toggle_background_color=&#8221;#ccf2b5&#8243; closed_toggle_background_color=&#8221;#ccf2b5&#8243; icon_color=&#8221;#126d58&#8243; open_icon_color=&#8221;#126d58&#8243; module_class=&#8221;tapajos&#8221; _builder_version=&#8221;4.27.4&#8243; title_font=&#8221;|600|||||||&#8221; title_font_size=&#8221;19px&#8221; body_font=&#8221;||||||||&#8221; hover_enabled=&#8221;0&#8243; box_shadow_style=&#8221;preset1&#8243; global_colors_info=&#8221;{}&#8221; sticky_enabled=&#8221;0&#8243;]<\/p>\n<p style=\"text-align: center;\"><strong>PROGRAMA\u00c7\u00c3O MENSAL DE CURSOS DE CAPACITA\u00c7\u00c3O PROFISSIONAL E PROMO\u00c7\u00c3O SOCIAL\/2026<\/strong><\/p>\n<p style=\"text-align: center;\"><strong>M\u00eas: JULHO<\/strong><\/p>\n<table width=\"690\">\n<tbody>\n<tr>\n<td width=\"201\" style=\"text-align: center;\"><strong>Munic\u00edpio<\/strong><\/td>\n<td width=\"360\" style=\"text-align: center;\"><strong>T\u00edtulo Evento<\/strong><\/td>\n<td width=\"61\" style=\"text-align: center;\"><strong>Dt. In\u00edcio<\/strong><\/td>\n<td width=\"68\" style=\"text-align: center;\"><strong>Dt. T\u00e9rmino<\/strong><\/td>\n<\/tr>\n<tr>\n<td>Aveiro<\/td>\n<td>Olericultura B\u00e1sica &#8211; N\u00ba 202638062: Aveiro<\/td>\n<td>20\/07\/2026<\/td>\n<td>24\/07\/2026<\/td>\n<\/tr>\n<tr>\n<td>Aveiro<\/td>\n<td>Compostagem Org\u00e2nica &#8211; N\u00ba 202638063: Aveiro<\/td>\n<td>20\/07\/2026<\/td>\n<td>24\/07\/2026<\/td>\n<\/tr>\n<tr>\n<td>Aveiro<\/td>\n<td>Irriga\u00e7\u00e3o por gotejamento e microaspers\u00e3o &#8211; N\u00ba 202638064: Aveiro<\/td>\n<td>20\/07\/2026<\/td>\n<td>24\/07\/2026<\/td>\n<\/tr>\n<tr>\n<td>Aveiro<\/td>\n<td>Floricultura, Jardinagem e Paisagismo &#8211; N\u00ba 202638065: Aveiro<\/td>\n<td>20\/07\/2026<\/td>\n<td>24\/07\/2026<\/td>\n<\/tr>\n<tr>\n<td>Aveiro<\/td>\n<td>Padeiro(Salgados) &#8211; N\u00ba 202638066: Aveiro<\/td>\n<td>20\/07\/2026<\/td>\n<td>24\/07\/2026<\/td>\n<\/tr>\n<tr>\n<td>Trair\u00e3o<\/td>\n<td>Apicultura &#8211; N\u00ba 202638067: Trair\u00e3o<\/td>\n<td>20\/07\/2026<\/td>\n<td>24\/07\/2026<\/td>\n<\/tr>\n<tr>\n<td>Aveiro<\/td>\n<td>Olericultura B\u00e1sica &#8211; N\u00ba 202638068: Aveiro<\/td>\n<td>20\/07\/2026<\/td>\n<td>24\/07\/2026<\/td>\n<\/tr>\n<tr>\n<td>Trair\u00e3o<\/td>\n<td>Compostagem Org\u00e2nica &#8211; N\u00ba 202638069: Trair\u00e3o<\/td>\n<td>20\/07\/2026<\/td>\n<td>24\/07\/2026<\/td>\n<\/tr>\n<tr>\n<td>Trair\u00e3o<\/td>\n<td>Suinocultura &#8211; N\u00ba 202638070: Trair\u00e3o<\/td>\n<td>20\/07\/2026<\/td>\n<td>24\/07\/2026<\/td>\n<\/tr>\n<tr>\n<td>Trair\u00e3o<\/td>\n<td>Avicultura &#8211; N\u00ba 202638071: Trair\u00e3o<\/td>\n<td>20\/07\/2026<\/td>\n<td>24\/07\/2026<\/td>\n<\/tr>\n<tr>\n<td>Trair\u00e3o<\/td>\n<td>Produ\u00e7\u00e3o Artesanal de Alimentos &#8211; N\u00ba 202638072: Trair\u00e3o<\/td>\n<td>20\/07\/2026<\/td>\n<td>24\/07\/2026<\/td>\n<\/tr>\n<tr>\n<td>Trair\u00e3o<\/td>\n<td>Agricultura Org\u00e2nica &#8211; N\u00ba 202638073: Trair\u00e3o<\/td>\n<td>20\/07\/2026<\/td>\n<td>24\/07\/2026<\/td>\n<\/tr>\n<tr>\n<td>Rur\u00f3polis<\/td>\n<td>Caprinocultura &#8211; N\u00ba 202638074: Rur\u00f3polis<\/td>\n<td>20\/07\/2026<\/td>\n<td>24\/07\/2026<\/td>\n<\/tr>\n<tr>\n<td>Rur\u00f3polis<\/td>\n<td>Produ\u00e7\u00e3o Artesanal de Alimentos &#8211; N\u00ba 202638075: Rur\u00f3polis<\/td>\n<td>20\/07\/2026<\/td>\n<td>24\/07\/2026<\/td>\n<\/tr>\n<tr>\n<td>Rur\u00f3polis<\/td>\n<td>Olericultura B\u00e1sica &#8211; N\u00ba 202638076: Rur\u00f3polis<\/td>\n<td>20\/07\/2026<\/td>\n<td>24\/07\/2026<\/td>\n<\/tr>\n<tr>\n<td>Rur\u00f3polis<\/td>\n<td>Bolos\u00a0 e Doces &#8211; N\u00ba 202638077: Rur\u00f3polis<\/td>\n<td>20\/07\/2026<\/td>\n<td>24\/07\/2026<\/td>\n<\/tr>\n<tr>\n<td>Itaituba<\/td>\n<td>Corte e costura &#8211; N\u00ba 202638078: Itaituba<\/td>\n<td>20\/07\/2026<\/td>\n<td>24\/07\/2026<\/td>\n<\/tr>\n<tr>\n<td>Itaituba<\/td>\n<td>Compostagem Org\u00e2nica &#8211; N\u00ba 202638079: Itaituba<\/td>\n<td>20\/07\/2026<\/td>\n<td>24\/07\/2026<\/td>\n<\/tr>\n<tr>\n<td>Itaituba<\/td>\n<td>PRODU\u00c7\u00c3O DE HORTALI\u00c7AS FOLHOSAS &#8211; N\u00ba 202638080: Itaituba<\/td>\n<td>20\/07\/2026<\/td>\n<td>24\/07\/2026<\/td>\n<\/tr>\n<tr>\n<td>Itaituba<\/td>\n<td>Floricultura, Jardinagem e Paisagismo &#8211; N\u00ba 202638081: Itaituba<\/td>\n<td>20\/07\/2026<\/td>\n<td>24\/07\/2026<\/td>\n<\/tr>\n<tr>\n<td>Itaituba<\/td>\n<td>ARTESANATO DE BORDADOS( SAND\u00c1LIAS DECORADAS) &#8211; N\u00ba 202638082: Itaituba<\/td>\n<td>20\/07\/2026<\/td>\n<td>24\/07\/2026<\/td>\n<\/tr>\n<tr>\n<td>Itaituba<\/td>\n<td>Artesanato em Croch\u00ea &#8211; N\u00ba 202638083: Itaituba<\/td>\n<td>20\/07\/2026<\/td>\n<td>24\/07\/2026<\/td>\n<\/tr>\n<tr>\n<td>Itaituba<\/td>\n<td>Opera\u00e7\u00e3o e Manuten\u00e7\u00e3o de Tratores Agr\u00edcolas &#8211; N\u00ba 202638084: Itaituba<\/td>\n<td>20\/07\/2026<\/td>\n<td>24\/07\/2026<\/td>\n<\/tr>\n<tr>\n<td>Rur\u00f3polis<\/td>\n<td>Olericultura B\u00e1sica &#8211; N\u00ba 202638085: Rur\u00f3polis<\/td>\n<td>20\/07\/2026<\/td>\n<td>24\/07\/2026<\/td>\n<\/tr>\n<tr>\n<td>Rur\u00f3polis<\/td>\n<td>Apicultura &#8211; N\u00ba 202638086: Rur\u00f3polis<\/td>\n<td>20\/07\/2026<\/td>\n<td>24\/07\/2026<\/td>\n<\/tr>\n<tr>\n<td>Rur\u00f3polis<\/td>\n<td>Irriga\u00e7\u00e3o por gotejamento e microaspers\u00e3o &#8211; N\u00ba 202638087: Rur\u00f3polis<\/td>\n<td>20\/07\/2026<\/td>\n<td>24\/07\/2026<\/td>\n<\/tr>\n<\/tbody>\n<\/table>\n<p>[\/et_pb_toggle][et_pb_toggle title=&#8221;N\u00facleo Tocantins&#8221; open_toggle_background_color=&#8221;#ccf2b5&#8243; closed_toggle_background_color=&#8221;#ccf2b5&#8243; icon_color=&#8221;#126d58&#8243; open_icon_color=&#8221;#126d58&#8243; _builder_version=&#8221;4.27.4&#8243; title_font=&#8221;|600|||||||&#8221; title_font_size=&#8221;19px&#8221; body_font=&#8221;||||||||&#8221; hover_enabled=&#8221;0&#8243; box_shadow_style=&#8221;preset1&#8243; global_colors_info=&#8221;{}&#8221; sticky_enabled=&#8221;0&#8243;]<\/p>\n<p style=\"text-align: center;\"><strong>PROGRAMA\u00c7\u00c3O MENSAL DE CURSOS DE CAPACITA\u00c7\u00c3O PROFISSIONAL E PROMO\u00c7\u00c3O SOCIAL\/2026<\/strong><\/p>\n<p style=\"text-align: center;\"><b>M\u00eas: JULHO<\/b><\/p>\n<table width=\"690\">\n<tbody>\n<tr>\n<td width=\"201\" style=\"text-align: center;\"><strong>Munic\u00edpio<\/strong><\/td>\n<td width=\"360\" style=\"text-align: center;\"><strong>T\u00edtulo Evento<\/strong><\/td>\n<td width=\"61\" style=\"text-align: center;\"><strong>Dt. In\u00edcio<\/strong><\/td>\n<td width=\"68\" style=\"text-align: center;\"><strong>Dt. T\u00e9rmino<\/strong><\/td>\n<\/tr>\n<tr>\n<td>Novo Repartimento<\/td>\n<td>Produtor de Chocolate (Chocomaker) &#8211; Escola Ind\u00fastria do SENAR. &#8211; N\u00ba 202638088: Novo Repartimento<\/td>\n<td>20\/07\/2026<\/td>\n<td>24\/07\/2026<\/td>\n<\/tr>\n<tr>\n<td>Breu Branco<\/td>\n<td>Panifica\u00e7\u00e3o &#8211; N\u00ba 202638089: Breu Branco<\/td>\n<td>20\/07\/2026<\/td>\n<td>24\/07\/2026<\/td>\n<\/tr>\n<tr>\n<td>Tucuru\u00ed<\/td>\n<td>Confeccionador de Bioj\u00f3ias Ecoj\u00f3ias &#8211; N\u00ba 202638090: Tucuru\u00ed<\/td>\n<td>20\/07\/2026<\/td>\n<td>24\/07\/2026<\/td>\n<\/tr>\n<tr>\n<td>Tucuru\u00ed<\/td>\n<td>Opera\u00e7\u00e3o\u00a0 e Manuten\u00e7\u00e3o de Motosserras, Cortadoras de Grama, Ro\u00e7adeiras\u00a0 e similares &#8211; N\u00ba 202638091: Tucuru\u00ed<\/td>\n<td>20\/07\/2026<\/td>\n<td>24\/07\/2026<\/td>\n<\/tr>\n<tr>\n<td>Tucuru\u00ed<\/td>\n<td>Opera\u00e7\u00e3o e Manuten\u00e7\u00e3o de Retroescavadeira &#8211; N\u00ba 202638092: Tucuru\u00ed<\/td>\n<td>20\/07\/2026<\/td>\n<td>24\/07\/2026<\/td>\n<\/tr>\n<tr>\n<td>Moju<\/td>\n<td>Panifica\u00e7\u00e3o &#8211; N\u00ba 202638093: Moju<\/td>\n<td>20\/07\/2026<\/td>\n<td>24\/07\/2026<\/td>\n<\/tr>\n<tr>\n<td>Mocajuba<\/td>\n<td>INFORM\u00c1TICA B\u00c1SICA &#8211; GEST\u00c3O RURAL &#8211; N\u00ba 202638094: Mocajuba<\/td>\n<td>20\/07\/2026<\/td>\n<td>24\/07\/2026<\/td>\n<\/tr>\n<tr>\n<td>Mocajuba<\/td>\n<td>Bolos\u00a0 e Doces &#8211; N\u00ba 202638095: Mocajuba<\/td>\n<td>20\/07\/2026<\/td>\n<td>24\/07\/2026<\/td>\n<\/tr>\n<tr>\n<td>Mocajuba<\/td>\n<td>Hortali\u00e7as Org\u00e2nicas &#8211; N\u00ba 202638096: Mocajuba<\/td>\n<td>20\/07\/2026<\/td>\n<td>24\/07\/2026<\/td>\n<\/tr>\n<tr>\n<td>Tucuru\u00ed<\/td>\n<td>Olericultura B\u00e1sica &#8211; N\u00ba 202638097: Tucuru\u00ed<\/td>\n<td>20\/07\/2026<\/td>\n<td>24\/07\/2026<\/td>\n<\/tr>\n<tr>\n<td>Moju<\/td>\n<td>PISCICULTURA &#8211; N\u00ba 202638098: Moju<\/td>\n<td>20\/07\/2026<\/td>\n<td>24\/07\/2026<\/td>\n<\/tr>\n<tr>\n<td>Tucuru\u00ed<\/td>\n<td>Bolos\u00a0 e Doces &#8211; N\u00ba 202638099: Tucuru\u00ed<\/td>\n<td>20\/07\/2026<\/td>\n<td>24\/07\/2026<\/td>\n<\/tr>\n<tr>\n<td>Tucuru\u00ed<\/td>\n<td>Bolos\u00a0 e Doces &#8211; N\u00ba 202638100: Tucuru\u00ed<\/td>\n<td>20\/07\/2026<\/td>\n<td>24\/07\/2026<\/td>\n<\/tr>\n<tr>\n<td>Moju<\/td>\n<td>Compostagem Org\u00e2nica &#8211; N\u00ba 202638101: Moju<\/td>\n<td>20\/07\/2026<\/td>\n<td>24\/07\/2026<\/td>\n<\/tr>\n<tr>\n<td>Mocajuba<\/td>\n<td>Cria\u00e7\u00e3o de Camar\u00e3o &#8211; N\u00ba 202638102: Mocajuba<\/td>\n<td>20\/07\/2026<\/td>\n<td>24\/07\/2026<\/td>\n<\/tr>\n<tr>\n<td>Breu Branco<\/td>\n<td>Produ\u00e7\u00e3o de Sementes e Mudas &#8211; N\u00ba 202638103: Breu Branco<\/td>\n<td>20\/07\/2026<\/td>\n<td>24\/07\/2026<\/td>\n<\/tr>\n<tr>\n<td>Breu Branco<\/td>\n<td>Olericultura B\u00e1sica &#8211; N\u00ba 202638104: Breu Branco<\/td>\n<td>20\/07\/2026<\/td>\n<td>24\/07\/2026<\/td>\n<\/tr>\n<tr>\n<td>Breu Branco<\/td>\n<td>Bolos\u00a0 e Doces &#8211; N\u00ba 202638105: Breu Branco<\/td>\n<td>20\/07\/2026<\/td>\n<td>24\/07\/2026<\/td>\n<\/tr>\n<tr>\n<td>Breu Branco<\/td>\n<td>Trabalhador na Produ\u00e7\u00e3o de Derivados do Leite &#8211; N\u00ba 202638106: Breu Branco<\/td>\n<td>20\/07\/2026<\/td>\n<td>24\/07\/2026<\/td>\n<\/tr>\n<tr>\n<td>Tucuru\u00ed<\/td>\n<td>Olericultura B\u00e1sica &#8211; N\u00ba 202638107: Tucuru\u00ed<\/td>\n<td>20\/07\/2026<\/td>\n<td>24\/07\/2026<\/td>\n<\/tr>\n<tr>\n<td>Moju<\/td>\n<td>APLICA\u00c7\u00c3O\u00a0 DE DEFENSIVOS AGR\u00cdCOLAS &#8211; N\u00ba 202638110: Moju<\/td>\n<td>20\/07\/2026<\/td>\n<td>24\/07\/2026<\/td>\n<\/tr>\n<tr>\n<td>Moju<\/td>\n<td>Opera\u00e7\u00e3o e Manuten\u00e7\u00e3o de Tratores Agr\u00edcolas &#8211; N\u00ba 202638111: Moju<\/td>\n<td>20\/07\/2026<\/td>\n<td>24\/07\/2026<\/td>\n<\/tr>\n<\/tbody>\n<\/table>\n<p>[\/et_pb_toggle][et_pb_toggle title=&#8221;N\u00facleo Transamaz\u00f4nica&#8221; open_toggle_background_color=&#8221;#ccf2b5&#8243; closed_toggle_background_color=&#8221;#ccf2b5&#8243; icon_color=&#8221;#126d58&#8243; open_icon_color=&#8221;#126d58&#8243; module_class=&#8221;transamazonica&#8221; _builder_version=&#8221;4.27.4&#8243; title_font=&#8221;|600|||||||&#8221; title_font_size=&#8221;19px&#8221; body_font=&#8221;||||||||&#8221; hover_enabled=&#8221;0&#8243; box_shadow_style=&#8221;preset1&#8243; global_colors_info=&#8221;{}&#8221; sticky_enabled=&#8221;0&#8243;]<\/p>\n<p><strong>PROGRAMA\u00c7\u00c3O MENSAL DE CURSOS DE CAPACITA\u00c7\u00c3O PROFISSIONAL E PROMO\u00c7\u00c3O SOCIAL\/2026<\/strong><\/p>\n<p style=\"text-align: center;\"><b>M\u00eas:JULHO<\/b><\/p>\n<table width=\"690\">\n<tbody>\n<tr>\n<td width=\"201\" style=\"text-align: center;\"><strong>Munic\u00edpio<\/strong><\/td>\n<td width=\"360\" style=\"text-align: center;\"><strong>T\u00edtulo Evento<\/strong><\/td>\n<td width=\"61\" style=\"text-align: center;\"><strong>Dt. In\u00edcio<\/strong><\/td>\n<td width=\"68\" style=\"text-align: center;\"><strong>Dt. T\u00e9rmino<\/strong><\/td>\n<\/tr>\n<tr>\n<td>Altamira<\/td>\n<td>Pintura em Tecidos &#8211; N\u00ba 202638108: Altamira<\/td>\n<td>20\/07\/2026<\/td>\n<td>24\/07\/2026<\/td>\n<\/tr>\n<tr>\n<td>Placas<\/td>\n<td>Beneficiamento prim\u00e1rio do Cacau &#8211; N\u00ba 202638109: Placas<\/td>\n<td>20\/07\/2026<\/td>\n<td>24\/07\/2026<\/td>\n<\/tr>\n<\/tbody>\n<\/table>\n<p style=\"text-align: center;\"><b><\/b><\/p>\n<p>[\/et_pb_toggle][\/et_pb_column_inner][\/et_pb_row_inner][\/et_pb_column][et_pb_column type=&#8221;1_4&#8243; _builder_version=&#8221;4.16&#8243; custom_padding=&#8221;|||&#8221; global_colors_info=&#8221;{}&#8221; parallax__hover=&#8221;off&#8221; parallax_method__hover=&#8221;on&#8221; custom_padding__hover=&#8221;|||&#8221;][et_pb_search exclude_pages=&#8221;off&#8221; placeholder=&#8221;Pesquisar&#8230;&#8221; _builder_version=&#8221;4.16&#8243; hide_button=&#8221;off&#8221; global_colors_info=&#8221;{}&#8221; button_text_size__hover_enabled=&#8221;off&#8221; button_one_text_size__hover_enabled=&#8221;off&#8221; button_two_text_size__hover_enabled=&#8221;off&#8221; button_text_color__hover_enabled=&#8221;off&#8221; button_one_text_color__hover_enabled=&#8221;off&#8221; button_two_text_color__hover_enabled=&#8221;off&#8221; button_border_width__hover_enabled=&#8221;off&#8221; button_one_border_width__hover_enabled=&#8221;off&#8221; button_two_border_width__hover_enabled=&#8221;off&#8221; button_border_color__hover_enabled=&#8221;off&#8221; button_one_border_color__hover_enabled=&#8221;off&#8221; button_two_border_color__hover_enabled=&#8221;off&#8221; button_border_radius__hover_enabled=&#8221;off&#8221; button_one_border_radius__hover_enabled=&#8221;off&#8221; button_two_border_radius__hover_enabled=&#8221;off&#8221; button_letter_spacing__hover_enabled=&#8221;off&#8221; button_one_letter_spacing__hover_enabled=&#8221;off&#8221; button_two_letter_spacing__hover_enabled=&#8221;off&#8221; button_bg_color__hover_enabled=&#8221;off&#8221; button_one_bg_color__hover_enabled=&#8221;off&#8221; button_two_bg_color__hover_enabled=&#8221;off&#8221;][\/et_pb_search][et_pb_code _builder_version=&#8221;4.16&#8243; global_colors_info=&#8221;{}&#8221;][\/et_pb_code][et_pb_divider color=&#8221;#c6c6c6&#8243; disabled_on=&#8221;on|on|off&#8221; _builder_version=&#8221;4.16&#8243; height=&#8221;0px&#8221; global_colors_info=&#8221;{}&#8221;][\/et_pb_divider][et_pb_blog posts_number=&#8221;5&#8243; include_categories=&#8221;1&#8243; show_more=&#8221;on&#8221; show_author=&#8221;off&#8221; show_date=&#8221;off&#8221; show_categories=&#8221;off&#8221; show_pagination=&#8221;off&#8221; use_overlay=&#8221;on&#8221; _builder_version=&#8221;4.16&#8243; header_font_size=&#8221;16&#8243; body_font_size=&#8221;0&#8243; body_line_height=&#8221;0&#8243; global_colors_info=&#8221;{}&#8221;][\/et_pb_blog][\/et_pb_column][\/et_pb_section][et_pb_section fb_built=&#8221;1&#8243; _builder_version=&#8221;3.0.71&#8243; background_color=&#8221;#1f6462&#8243; custom_padding=&#8221;0px|0px|0px|0px&#8221; global_module=&#8221;265&#8243; global_colors_info=&#8221;{}&#8221;][et_pb_row column_structure=&#8221;1_3,1_3,1_3&#8243; _builder_version=&#8221;4.16&#8243; background_size=&#8221;initial&#8221; background_position=&#8221;top_left&#8221; background_repeat=&#8221;repeat&#8221; custom_padding=&#8221;50px|0px|52px|0px&#8221; global_colors_info=&#8221;{}&#8221;][et_pb_column type=&#8221;1_3&#8243; _builder_version=&#8221;4.16&#8243; custom_padding=&#8221;|||&#8221; global_colors_info=&#8221;{}&#8221; custom_padding__hover=&#8221;|||&#8221;][et_pb_signup provider=&#8221;constant_contact&#8221; constant_contact_list=&#8221;add_new_account&#8221; first_name_field=&#8221;off&#8221; last_name_field=&#8221;off&#8221; title=&#8221;Receba as novidade sobre o Sistema FAEPA&#8221; button_text=&#8221;receber novidades&#8221; description=&#8221;<\/p>\n<p>Cadastre seu e-mail abaixo<\/p>\n<p>&#8221; _builder_version=&#8221;4.16&#8243; header_font_size=&#8221;20px&#8221; use_background_color=&#8221;off&#8221; custom_button=&#8221;on&#8221; button_text_size=&#8221;17px&#8221; button_border_radius=&#8221;60px&#8221; text_orientation=&#8221;center&#8221; global_colors_info=&#8221;{}&#8221; button_text_size__hover_enabled=&#8221;off&#8221; button_one_text_size__hover_enabled=&#8221;off&#8221; button_two_text_size__hover_enabled=&#8221;off&#8221; button_text_color__hover_enabled=&#8221;off&#8221; button_one_text_color__hover_enabled=&#8221;off&#8221; button_two_text_color__hover_enabled=&#8221;off&#8221; button_border_width__hover_enabled=&#8221;off&#8221; button_one_border_width__hover_enabled=&#8221;off&#8221; button_two_border_width__hover_enabled=&#8221;off&#8221; button_border_color__hover_enabled=&#8221;off&#8221; button_one_border_color__hover_enabled=&#8221;off&#8221; button_two_border_color__hover_enabled=&#8221;off&#8221; button_border_radius__hover_enabled=&#8221;off&#8221; button_one_border_radius__hover_enabled=&#8221;off&#8221; button_two_border_radius__hover_enabled=&#8221;off&#8221; button_letter_spacing__hover_enabled=&#8221;off&#8221; button_one_letter_spacing__hover_enabled=&#8221;off&#8221; button_two_letter_spacing__hover_enabled=&#8221;off&#8221; button_bg_color__hover_enabled=&#8221;off&#8221; button_one_bg_color__hover_enabled=&#8221;off&#8221; button_two_bg_color__hover_enabled=&#8221;off&#8221;]<\/p>\n<p>Cadastre seu e-mail abaixo<\/p>\n<p>[\/et_pb_signup][\/et_pb_column][et_pb_column type=&#8221;1_3&#8243; _builder_version=&#8221;4.16&#8243; custom_padding=&#8221;|||&#8221; global_colors_info=&#8221;{}&#8221; custom_padding__hover=&#8221;|||&#8221;][et_pb_text _builder_version=&#8221;4.16&#8243; text_line_height=&#8221;1em&#8221; background_layout=&#8221;dark&#8221; global_colors_info=&#8221;{}&#8221;]<\/p>\n<h2><strong>(91) 4008-5300<\/strong><\/h2>\n<p>\u00a0<\/p>\n<h5>Manh\u00e3: 9h \u00e0s 12h30<\/h5>\n<h5>Tarde: 14h \u00e0s 18h30<\/h5>\n<h5>\u00a0<\/h5>\n<h5>Trav. Dr. Moraes, n\u00b021 &#8211; Edificio Pal\u00e1cio da Agricultura, 8\u00b0 andar &#8211; Bel\u00e9m &#8211; PA &#8211; CEP:66035 &#8211; 080<\/h5>\n<p>[\/et_pb_text][et_pb_social_media_follow _builder_version=&#8221;4.24.0&#8243; background_layout=&#8221;dark&#8221; border_radii=&#8221;on|100%|100%|100%|100%&#8221; link_shape=&#8221;circle&#8221; global_colors_info=&#8221;{}&#8221;][et_pb_social_media_follow_network social_network=&#8221;facebook&#8221; url=&#8221;https:\/\/www.facebook.com\/SistemaFAEPA\/&#8221; _builder_version=&#8221;4.16&#8243; background_color=&#8221;#00c3aa&#8221; bg_color=&#8221;#00c3aa&#8221; global_colors_info=&#8221;{}&#8221; follow_button=&#8221;off&#8221; url_new_window=&#8221;on&#8221;]<\/p>\n<p>Facebook<\/p>\n<p>[\/et_pb_social_media_follow_network][et_pb_social_media_follow_network social_network=&#8221;twitter&#8221; url=&#8221;https:\/\/twitter.com\/sistemafaepa&#8221; _builder_version=&#8221;4.16&#8243; background_color=&#8221;#00c3aa&#8221; bg_color=&#8221;#00c3aa&#8221; global_colors_info=&#8221;{}&#8221; follow_button=&#8221;off&#8221; url_new_window=&#8221;on&#8221;]<\/p>\n<p>Twitter<\/p>\n<p>[\/et_pb_social_media_follow_network][et_pb_social_media_follow_network social_network=&#8221;instagram&#8221; url=&#8221;https:\/\/www.instagram.com\/sistemafaepa\/&#8221; _builder_version=&#8221;4.16&#8243; background_color=&#8221;#00c3aa&#8221; bg_color=&#8221;#00c3aa&#8221; global_colors_info=&#8221;{}&#8221; follow_button=&#8221;off&#8221; url_new_window=&#8221;on&#8221;]<\/p>\n<p>Instagram<\/p>\n<p>[\/et_pb_social_media_follow_network][et_pb_social_media_follow_network social_network=&#8221;youtube&#8221; url=&#8221;https:\/\/www.youtube.com\/@sistemafaepa\/videos&#8221; _builder_version=&#8221;4.24.0&#8243; background_color=&#8221;#00c3aa&#8221; bg_color=&#8221;#00c3aa&#8221; global_colors_info=&#8221;{}&#8221; follow_button=&#8221;off&#8221; url_new_window=&#8221;on&#8221;]youtube[\/et_pb_social_media_follow_network][\/et_pb_social_media_follow][\/et_pb_column][et_pb_column type=&#8221;1_3&#8243; _builder_version=&#8221;4.16&#8243; custom_padding=&#8221;|||&#8221; global_colors_info=&#8221;{}&#8221; custom_padding__hover=&#8221;|||&#8221;][et_pb_image src=&#8221;https:\/\/sistemafaepa.com.br\/senar\/wp-content\/uploads\/sites\/2\/2024\/02\/LOGO-NOVA-v1-4.png&#8221; title_text=&#8221;LOGO NOVA v1 (4)&#8221; url=&#8221;https:\/\/sistemafaepa.com.br\/&#8221; align=&#8221;center&#8221; align_tablet=&#8221;center&#8221; align_phone=&#8221;&#8221; align_last_edited=&#8221;on|desktop&#8221; _builder_version=&#8221;4.24.0&#8243; max_width=&#8221;220px&#8221; animation_style=&#8221;slide&#8221; animation_direction=&#8221;left&#8221; animation_duration=&#8221;500ms&#8221; animation_intensity_slide=&#8221;10%&#8221; global_colors_info=&#8221;{}&#8221;][\/et_pb_image][\/et_pb_column][\/et_pb_row][\/et_pb_section]<\/p>\n","protected":false},"excerpt":{"rendered":"<p>Agenda de cursos presenciais para o m\u00eas de Julho de 2026.PROGRAMA\u00c7\u00c3O MENSAL DE CURSOS DE CAPACITA\u00c7\u00c3O PROFISSIONAL E PROMO\u00c7\u00c3O SOCIAL\/2026 M\u00eas: JULHO Munic\u00edpio T\u00edtulo Evento Dt. In\u00edcio Dt. T\u00e9rmino Monte Alegre PISCICULTURA &#8211; N\u00ba 202637960: Monte Alegre 20\/07\/2026 24\/07\/2026 Monte Alegre Pintura em Tecidos &#8211; N\u00ba 202637961: Monte Alegre 20\/07\/2026 24\/07\/2026 Santar\u00e9m Costureiro &#8211; N\u00ba [&hellip;]<\/p>\n","protected":false},"author":1,"featured_media":0,"parent":0,"menu_order":0,"comment_status":"closed","ping_status":"closed","template":"","meta":{"_et_pb_use_builder":"on","_et_pb_old_content":"","_et_gb_content_width":"","footnotes":""},"class_list":["post-161","page","type-page","status-publish","hentry"],"_links":{"self":[{"href":"https:\/\/sistemafaepa.com.br\/senar\/wp-json\/wp\/v2\/pages\/161","targetHints":{"allow":["GET"]}}],"collection":[{"href":"https:\/\/sistemafaepa.com.br\/senar\/wp-json\/wp\/v2\/pages"}],"about":[{"href":"https:\/\/sistemafaepa.com.br\/senar\/wp-json\/wp\/v2\/types\/page"}],"author":[{"embeddable":true,"href":"https:\/\/sistemafaepa.com.br\/senar\/wp-json\/wp\/v2\/users\/1"}],"replies":[{"embeddable":true,"href":"https:\/\/sistemafaepa.com.br\/senar\/wp-json\/wp\/v2\/comments?post=161"}],"version-history":[{"count":230,"href":"https:\/\/sistemafaepa.com.br\/senar\/wp-json\/wp\/v2\/pages\/161\/revisions"}],"predecessor-version":[{"id":5753,"href":"https:\/\/sistemafaepa.com.br\/senar\/wp-json\/wp\/v2\/pages\/161\/revisions\/5753"}],"wp:attachment":[{"href":"https:\/\/sistemafaepa.com.br\/senar\/wp-json\/wp\/v2\/media?parent=161"}],"curies":[{"name":"wp","href":"https:\/\/api.w.org\/{rel}","templated":true}]}}