{"id":38,"date":"2017-09-02T13:02:14","date_gmt":"2017-09-02T16:02:14","guid":{"rendered":"http:\/\/sistemafaepa.com.br\/fundepec\/?page_id=38"},"modified":"2017-09-02T13:02:14","modified_gmt":"2017-09-02T16:02:14","slug":"o-que-e-o-fundepec","status":"publish","type":"page","link":"https:\/\/sistemafaepa.com.br\/fundepec\/o-que-e-o-fundepec\/","title":{"rendered":"O que \u00e9 o FUNDEPEC"},"content":{"rendered":"<p>[et_pb_section fb_built=&#8221;1&#8243; fullwidth=&#8221;on&#8221; _builder_version=&#8221;3.22&#8243;][et_pb_fullwidth_slider _builder_version=&#8221;3.16&#8243; custom_padding=&#8221;|||&#8221; custom_padding_tablet=&#8221;|||&#8221; custom_padding_phone=&#8221;|||&#8221; box_shadow_style=&#8221;preset6&#8243; box_shadow_blur=&#8221;10px&#8221; box_shadow_color=&#8221;rgba(0,0,0,0.1)&#8221; button_text_size__hover_enabled=&#8221;off&#8221; button_one_text_size__hover_enabled=&#8221;off&#8221; button_two_text_size__hover_enabled=&#8221;off&#8221; button_text_color__hover_enabled=&#8221;off&#8221; button_one_text_color__hover_enabled=&#8221;off&#8221; button_two_text_color__hover_enabled=&#8221;off&#8221; button_border_width__hover_enabled=&#8221;off&#8221; button_one_border_width__hover_enabled=&#8221;off&#8221; button_two_border_width__hover_enabled=&#8221;off&#8221; button_border_color__hover_enabled=&#8221;off&#8221; button_one_border_color__hover_enabled=&#8221;off&#8221; button_two_border_color__hover_enabled=&#8221;off&#8221; button_border_radius__hover_enabled=&#8221;off&#8221; button_one_border_radius__hover_enabled=&#8221;off&#8221; button_two_border_radius__hover_enabled=&#8221;off&#8221; button_letter_spacing__hover_enabled=&#8221;off&#8221; button_one_letter_spacing__hover_enabled=&#8221;off&#8221; button_two_letter_spacing__hover_enabled=&#8221;off&#8221; button_bg_color__hover_enabled=&#8221;off&#8221; button_one_bg_color__hover_enabled=&#8221;off&#8221; button_two_bg_color__hover_enabled=&#8221;off&#8221;][et_pb_slide heading=&#8221;FUNDEPEC &#8221; use_bg_overlay=&#8221;off&#8221; use_text_overlay=&#8221;off&#8221; _builder_version=&#8221;3.16&#8243; header_font=&#8221;||||&#8221; body_font=&#8221;||||&#8221; background_color=&#8221;#ffffff&#8221; background_image=&#8221;https:\/\/sistemafaepa.com.br\/fundepec\/wp-content\/uploads\/sites\/3\/2017\/11\/BANNER-6.png&#8221; button_icon_placement=&#8221;right&#8221; button_on_hover=&#8221;on&#8221; button_text_size__hover_enabled=&#8221;off&#8221; button_one_text_size__hover_enabled=&#8221;off&#8221; button_two_text_size__hover_enabled=&#8221;off&#8221; button_text_color__hover_enabled=&#8221;off&#8221; button_one_text_color__hover_enabled=&#8221;off&#8221; button_two_text_color__hover_enabled=&#8221;off&#8221; button_border_width__hover_enabled=&#8221;off&#8221; button_one_border_width__hover_enabled=&#8221;off&#8221; button_two_border_width__hover_enabled=&#8221;off&#8221; button_border_color__hover_enabled=&#8221;off&#8221; button_one_border_color__hover_enabled=&#8221;off&#8221; button_two_border_color__hover_enabled=&#8221;off&#8221; button_border_radius__hover_enabled=&#8221;off&#8221; button_one_border_radius__hover_enabled=&#8221;off&#8221; button_two_border_radius__hover_enabled=&#8221;off&#8221; button_letter_spacing__hover_enabled=&#8221;off&#8221; button_one_letter_spacing__hover_enabled=&#8221;off&#8221; button_two_letter_spacing__hover_enabled=&#8221;off&#8221; button_bg_color__hover_enabled=&#8221;off&#8221; button_one_bg_color__hover_enabled=&#8221;off&#8221; button_two_bg_color__hover_enabled=&#8221;off&#8221;][\/et_pb_slide][\/et_pb_fullwidth_slider][\/et_pb_section][et_pb_section fb_built=&#8221;1&#8243; _builder_version=&#8221;3.22&#8243;][et_pb_row _builder_version=&#8221;3.25&#8243; background_size=&#8221;initial&#8221; background_position=&#8221;top_left&#8221; background_repeat=&#8221;repeat&#8221;][et_pb_column type=&#8221;4_4&#8243; _builder_version=&#8221;3.25&#8243; custom_padding=&#8221;|||&#8221; custom_padding__hover=&#8221;|||&#8221;][et_pb_text _builder_version=&#8221;3.27.4&#8243; text_font=&#8221;|on|||&#8221; text_font_size=&#8221;30&#8243; text_orientation=&#8221;center&#8221; module_alignment=&#8221;center&#8221;] O FUNDEPEC [\/et_pb_text][et_pb_text _builder_version=&#8221;3.27.4&#8243; text_font=&#8221;||||||||&#8221; text_orientation=&#8221;center&#8221; module_alignment=&#8221;center&#8221;]<\/p>\n<div style=\"text-align: justify\">A previs\u00e3o de constitui\u00e7\u00e3o de um fundo de desenvolvimento da pecu\u00e1ria no Estado do Par\u00e1 est\u00e1 contida nos termos do Conv\u00eanio 023\/96 assinado, em 24 de agosto de 1996, entre o Governo do Estado do Par\u00e1, ent\u00e3o representado pelo Governador Almir Gabriel, no interesse da SAGRI \u2013 Secretaria de Estado de Agricultura do Par\u00e1, com apoio do Minist\u00e9rio da Agricultura e do Abastecimento (representado pela Delegacia Federal da Agricultura no Estado do Par\u00e1), da Secretaria de Estado da Fazenda, com a FAEPA &#8211; Federa\u00e7\u00e3o da Agricultura e Pecu\u00e1ria do Par\u00e1, o Sindicato da Ind\u00fastria da Carne e Derivados do Estado do Par\u00e1 e o Sindicato Nacional das Empresas Leiloeiras.\u00a0<\/div>\n<div style=\"text-align: justify\"><\/div>\n<div style=\"text-align: justify\"><b><i>Seu objetivo principal \u00e9 dar cumprimento, no \u00e2mbito estadual, \u00e0s recomenda\u00e7\u00f5es da OIE &#8211; Organiza\u00e7\u00e3o Mundial da Sa\u00fade Animal, do qual o Brasil \u00e9 signat\u00e1rio.<\/i><\/b><\/div>\n<div style=\"text-align: justify\"><\/div>\n<div style=\"text-align: justify\">O FUNDO DE DESENVOLVIMENTO DA PECU\u00c1RIA DO ESTADO DO PAR\u00c1 foi oficialmente constitu\u00eddo em Assembleia Geral realizada no dia 23 de junho de 1997, havendo participado dessa reuni\u00e3o de funda\u00e7\u00e3o os representantes da FAEPA, do SINDICARNE \u2013 Sindicato da Ind\u00fastria de Carne e Derivados do Estado do Par\u00e1 e Sindicato Nacional das Empresas Leiloeiras, al\u00e9m das Secretarias de Estado da Fazenda e da Agricultura do Estado do Par\u00e1 e do Minist\u00e9rio da Agricultura e Abastecimento.<\/div>\n<div style=\"text-align: justify\"><\/div>\n<div style=\"text-align: justify\">O FUNDEPEC \u00e9 uma associa\u00e7\u00e3o civil sem fins lucrativos, com prazo de dura\u00e7\u00e3o indeterminado e com o objetivo de implementa\u00e7\u00e3o das atividades relacionadas com a pol\u00edtica de desenvolvimento e verticaliza\u00e7\u00e3o da pecu\u00e1ria bovina e bubalina deste Estado, especialmente quanto \u00e0 <b><i>erradica\u00e7\u00e3o das doen\u00e7as animais<\/i><\/b>. O seu \u00e2mbito de a\u00e7\u00e3o, atualmente, foi ampliado para todas as categorias animais, alcan\u00e7ando a peste su\u00edna, a piscicultura, o controle das aves migrat\u00f3rias, influenza avi\u00e1ria, raiva bovina, monitoramento das abelhas, etc.<\/div>\n<div style=\"text-align: justify\"><\/div>\n<div style=\"text-align: justify\">O FUNDEPEC tamb\u00e9m elabora e prop\u00f5e pol\u00edticas p\u00fablicas capazes de dar cumprimento aos protocolos sanit\u00e1rios nacionais e internacionais e desenvolver a produ\u00e7\u00e3o animal com o melhor \u00edndice zoot\u00e9cnico e apoiamento a todas as a\u00e7\u00f5es que visam ao aprimoramento gen\u00e9tico.<\/div>\n<div style=\"text-align: justify\"><\/div>\n<div style=\"text-align: justify\"><b><i>Seu patrim\u00f4nio, conforme previs\u00e3o estatut\u00e1ria, \u00e9 oriundo das contribui\u00e7\u00f5es, doa\u00e7\u00f5es oriundas exclusivamente de produtores rurais.<\/i><\/b><\/div>\n<div style=\"text-align: justify\"><\/div>\n<div style=\"text-align: justify\">A receita b\u00e1sica do FUNDEPEC \u00e9 constitu\u00edda por uma <b><i>contribui\u00e7\u00e3o espont\u00e2nea dos produtores rurais<\/i><\/b> paga por ocasi\u00e3o do recolhimento da GTA \u2013 GUIA DE TR\u00c2NSITO ANIMAL.<\/div>\n<div style=\"text-align: justify\"><\/div>\n<div style=\"text-align: justify\">O acompanhamento da aplica\u00e7\u00e3o de seus recursos \u00e9 feito pelos integrantes dos Conselhos Deliberativo e Fiscal integrado por representantes das seguintes entidades: ADEPAR\u00c1, SEDAP, MAPA, CRMV\/PA, SINDICARNE, SINDICORTE, SINDICATO DOS LEILOEIROS e FAEPA, conforme determinado em seus Estatutos.<\/div>\n<div style=\"text-align: justify\"><\/div>\n<div style=\"text-align: justify\">Para sua a\u00e7\u00e3o operacional, o FUNDEPEC celebra conv\u00eanios e mant\u00e9m permanente contato com entidades p\u00fablicas e privadas para a realiza\u00e7\u00e3o e divulga\u00e7\u00e3o de trabalhos t\u00e9cnico-cient\u00edficos, e sobretudo dar apoio aos \u00f3rg\u00e3os oficiais incumbidos da defesa sanit\u00e1ria animal.<\/div>\n<div style=\"text-align: justify\"><\/div>\n<div style=\"text-align: justify\">O FUNDEPEC tem obtido sucesso nas campanhas voltadas \u00e0 profilaxia e o desenvolvimento da pecu\u00e1ria. Exemplo disso \u00e9 o fato do Par\u00e1 estar com certifica\u00e7\u00e3o internacional que o considera \u201clivre de febre aftosa com vacina\u00e7\u00e3o\u201d, trabalho resultante da firme parceria entre ADEPAR\u00c1 e MAPA.<\/div>\n<p>[\/et_pb_text][\/et_pb_column][\/et_pb_row][\/et_pb_section][et_pb_section fb_built=&#8221;1&#8243; _builder_version=&#8221;3.22&#8243; custom_padding=&#8221;0px|0px|54px|0px&#8221;][et_pb_row _builder_version=&#8221;3.25&#8243; background_size=&#8221;initial&#8221; background_position=&#8221;top_left&#8221; background_repeat=&#8221;repeat&#8221;][et_pb_column type=&#8221;4_4&#8243; _builder_version=&#8221;3.25&#8243; custom_padding=&#8221;|||&#8221; custom_padding__hover=&#8221;|||&#8221;][et_pb_divider color=&#8221;#a3a3a3&#8243; disabled_on=&#8221;on|on|off&#8221; _builder_version=&#8221;3.2&#8243;][\/et_pb_divider][et_pb_text _builder_version=&#8221;3.27.4&#8243; text_font=&#8221;|on|||&#8221; text_font_size=&#8221;30&#8243; text_orientation=&#8221;center&#8221; module_alignment=&#8221;center&#8221;] Diretoria [\/et_pb_text][et_pb_text _builder_version=&#8221;3.27.4&#8243; text_font_size=&#8221;20&#8243; text_orientation=&#8221;center&#8221; module_alignment=&#8221;center&#8221;] Representantes do Conselho Deliberativo [\/et_pb_text][\/et_pb_column][\/et_pb_row][et_pb_row _builder_version=&#8221;3.25&#8243; background_size=&#8221;initial&#8221; background_position=&#8221;top_left&#8221; background_repeat=&#8221;repeat&#8221; max_width=&#8221;987px&#8221; use_custom_width=&#8221;on&#8221; custom_width_px=&#8221;987px&#8221; column_structure=&#8221;1_4,1_4,1_4,1_4&#8243;][et_pb_column type=&#8221;1_4&#8243; _builder_version=&#8221;3.25&#8243; custom_padding=&#8221;|||&#8221; custom_padding__hover=&#8221;|||&#8221;][et_pb_blurb title=&#8221;Carlos Fernandes Xavier&#8221; use_icon=&#8221;on&#8221; icon_color=&#8221;#a8a8a8&#8243; use_circle=&#8221;on&#8221; circle_color=&#8221;#ffffff&#8221; use_circle_border=&#8221;on&#8221; circle_border_color=&#8221;#e0e0e0&#8243; admin_label=&#8221;Blurb&#8221; _builder_version=&#8221;3.0.89&#8243; background_size=&#8221;initial&#8221; background_position=&#8221;top_left&#8221; background_repeat=&#8221;repeat&#8221; text_orientation=&#8221;center&#8221;]<\/p>\n<p style=\"text-align: center\">Diretor Presidente &#8211;\u00a0<span style=\"font-size: 14px\">FAEPA<\/span><\/p>\n<p>[\/et_pb_blurb][et_pb_blurb title=&#8221;Darcy Dalberto Uliana&#8221; use_icon=&#8221;on&#8221; icon_color=&#8221;#a8a8a8&#8243; use_circle=&#8221;on&#8221; circle_color=&#8221;#ffffff&#8221; use_circle_border=&#8221;on&#8221; circle_border_color=&#8221;#e0e0e0&#8243; admin_label=&#8221;Blurb&#8221; _builder_version=&#8221;3.0.89&#8243; background_size=&#8221;initial&#8221; background_position=&#8221;top_left&#8221; background_repeat=&#8221;repeat&#8221; text_orientation=&#8221;center&#8221;]<\/p>\n<p style=\"text-align: center\">SINDICARNE<\/p>\n<p>[\/et_pb_blurb][\/et_pb_column][et_pb_column type=&#8221;1_4&#8243; _builder_version=&#8221;3.25&#8243; custom_padding=&#8221;|||&#8221; custom_padding__hover=&#8221;|||&#8221;][et_pb_blurb title=&#8221;Luiz Pinto de Oliveira&#8221; use_icon=&#8221;on&#8221; icon_color=&#8221;#a8a8a8&#8243; use_circle=&#8221;on&#8221; circle_color=&#8221;#ffffff&#8221; use_circle_border=&#8221;on&#8221; circle_border_color=&#8221;#e0e0e0&#8243; admin_label=&#8221;Blurb&#8221; _builder_version=&#8221;3.0.89&#8243; background_size=&#8221;initial&#8221; background_position=&#8221;top_left&#8221; background_repeat=&#8221;repeat&#8221; text_orientation=&#8221;center&#8221;]<\/p>\n<p style=\"text-align: center\">SFA\/PA<\/p>\n<p>[\/et_pb_blurb][et_pb_blurb title=&#8221;Edson Brito Ladislau&#8221; use_icon=&#8221;on&#8221; icon_color=&#8221;#a8a8a8&#8243; use_circle=&#8221;on&#8221; circle_color=&#8221;#ffffff&#8221; use_circle_border=&#8221;on&#8221; circle_border_color=&#8221;#e0e0e0&#8243; admin_label=&#8221;Blurb&#8221; _builder_version=&#8221;3.0.89&#8243; background_size=&#8221;initial&#8221; background_position=&#8221;top_left&#8221; background_repeat=&#8221;repeat&#8221; text_orientation=&#8221;center&#8221;]<\/p>\n<p style=\"text-align: center\">CRMVZ &#8211; PA<\/p>\n<p>[\/et_pb_blurb][\/et_pb_column][et_pb_column type=&#8221;1_4&#8243; _builder_version=&#8221;3.25&#8243; custom_padding=&#8221;|||&#8221; custom_padding__hover=&#8221;|||&#8221;][et_pb_blurb title=&#8221;Geovanny Farache Maia&#8221; use_icon=&#8221;on&#8221; icon_color=&#8221;#a8a8a8&#8243; use_circle=&#8221;on&#8221; circle_color=&#8221;#ffffff&#8221; use_circle_border=&#8221;on&#8221; circle_border_color=&#8221;#e0e0e0&#8243; admin_label=&#8221;Blurb&#8221; _builder_version=&#8221;4.0.5&#8243; background_size=&#8221;initial&#8221; background_position=&#8221;top_left&#8221; background_repeat=&#8221;repeat&#8221; text_orientation=&#8221;center&#8221; hover_enabled=&#8221;0&#8243; content__hover_enabled=&#8221;on|desktop&#8221;]<\/p>\n<p style=\"text-align: center\">Adepar\u00e1<\/p>\n<p>[\/et_pb_blurb][et_pb_blurb title=&#8221;Jos\u00e9 Nelson Ara\u00fajo&#8221; use_icon=&#8221;on&#8221; icon_color=&#8221;#a8a8a8&#8243; use_circle=&#8221;on&#8221; circle_color=&#8221;#ffffff&#8221; use_circle_border=&#8221;on&#8221; circle_border_color=&#8221;#e0e0e0&#8243; admin_label=&#8221;Blurb&#8221; _builder_version=&#8221;3.0.89&#8243; background_size=&#8221;initial&#8221; background_position=&#8221;top_left&#8221; background_repeat=&#8221;repeat&#8221; text_orientation=&#8221;center&#8221;] SINDICORTE<br \/>\n[\/et_pb_blurb][\/et_pb_column][et_pb_column type=&#8221;1_4&#8243; _builder_version=&#8221;3.25&#8243; custom_padding=&#8221;|||&#8221; custom_padding__hover=&#8221;|||&#8221;][et_pb_blurb title=&#8221;Hugo Suenaga&#8221; use_icon=&#8221;on&#8221; icon_color=&#8221;#a8a8a8&#8243; use_circle=&#8221;on&#8221; circle_color=&#8221;#ffffff&#8221; use_circle_border=&#8221;on&#8221; circle_border_color=&#8221;#e0e0e0&#8243; admin_label=&#8221;Blurb&#8221; _builder_version=&#8221;3.0.89&#8243; background_size=&#8221;initial&#8221; background_position=&#8221;top_left&#8221; background_repeat=&#8221;repeat&#8221; text_orientation=&#8221;center&#8221;]<\/p>\n<p style=\"text-align: center\">Sedap<\/p>\n<p>[\/et_pb_blurb][et_pb_blurb title=&#8221;Guilherme Minssen&#8221; use_icon=&#8221;on&#8221; icon_color=&#8221;#a8a8a8&#8243; use_circle=&#8221;on&#8221; circle_color=&#8221;#ffffff&#8221; use_circle_border=&#8221;on&#8221; circle_border_color=&#8221;#e0e0e0&#8243; admin_label=&#8221;Blurb&#8221; _builder_version=&#8221;3.0.89&#8243; background_size=&#8221;initial&#8221; background_position=&#8221;top_left&#8221; background_repeat=&#8221;repeat&#8221; text_orientation=&#8221;center&#8221;]<\/p>\n<p style=\"text-align: center\">Sindicato Nacional dos Leiloeiros Rurais<\/p>\n<p>[\/et_pb_blurb][\/et_pb_column][\/et_pb_row][et_pb_row _builder_version=&#8221;3.25&#8243; background_size=&#8221;initial&#8221; background_position=&#8221;top_left&#8221; background_repeat=&#8221;repeat&#8221;][et_pb_column type=&#8221;4_4&#8243; _builder_version=&#8221;3.25&#8243; custom_padding=&#8221;|||&#8221; custom_padding__hover=&#8221;|||&#8221;][et_pb_text _builder_version=&#8221;3.27.4&#8243; text_font_size=&#8221;20&#8243; text_orientation=&#8221;center&#8221; module_alignment=&#8221;center&#8221;] Diretores<br \/>\n[\/et_pb_text][\/et_pb_column][\/et_pb_row][et_pb_row _builder_version=&#8221;3.25&#8243; background_size=&#8221;initial&#8221; background_position=&#8221;top_left&#8221; background_repeat=&#8221;repeat&#8221; column_structure=&#8221;1_4,1_4,1_4,1_4&#8243;][et_pb_column type=&#8221;1_4&#8243; _builder_version=&#8221;3.25&#8243; custom_padding=&#8221;|||&#8221; custom_padding__hover=&#8221;|||&#8221;][\/et_pb_column][et_pb_column type=&#8221;1_4&#8243; _builder_version=&#8221;3.25&#8243; custom_padding=&#8221;|||&#8221; custom_padding__hover=&#8221;|||&#8221;][et_pb_blurb title=&#8221;Jos\u00e9 Fernando Paes de Vasconcelos&#8221; use_icon=&#8221;on&#8221; icon_color=&#8221;#a8a8a8&#8243; use_circle=&#8221;on&#8221; circle_color=&#8221;#ffffff&#8221; use_circle_border=&#8221;on&#8221; circle_border_color=&#8221;#e0e0e0&#8243; admin_label=&#8221;Blurb&#8221; _builder_version=&#8221;3.0.89&#8243; background_size=&#8221;initial&#8221; background_position=&#8221;top_left&#8221; background_repeat=&#8221;repeat&#8221; text_orientation=&#8221;center&#8221;] Diretor Executivo Financeiro<br \/>\n[\/et_pb_blurb][\/et_pb_column][et_pb_column type=&#8221;1_4&#8243; _builder_version=&#8221;3.25&#8243; custom_padding=&#8221;|||&#8221; custom_padding__hover=&#8221;|||&#8221;][et_pb_blurb title=&#8221;Alacid da Silva Nunes Filho&#8221; use_icon=&#8221;on&#8221; icon_color=&#8221;#a8a8a8&#8243; use_circle=&#8221;on&#8221; circle_color=&#8221;#ffffff&#8221; use_circle_border=&#8221;on&#8221; circle_border_color=&#8221;#e0e0e0&#8243; admin_label=&#8221;Blurb&#8221; _builder_version=&#8221;3.0.89&#8243; background_size=&#8221;initial&#8221; background_position=&#8221;top_left&#8221; background_repeat=&#8221;repeat&#8221; text_orientation=&#8221;center&#8221;]<\/p>\n<p style=\"text-align: center\">Diretor Executivo T\u00e9cnico<\/p>\n<p>[\/et_pb_blurb][\/et_pb_column][et_pb_column type=&#8221;1_4&#8243; _builder_version=&#8221;3.25&#8243; custom_padding=&#8221;|||&#8221; custom_padding__hover=&#8221;|||&#8221;][\/et_pb_column][\/et_pb_row][et_pb_row _builder_version=&#8221;3.25&#8243; background_size=&#8221;initial&#8221; background_position=&#8221;top_left&#8221; background_repeat=&#8221;repeat&#8221;][et_pb_column type=&#8221;4_4&#8243; _builder_version=&#8221;3.25&#8243; custom_padding=&#8221;|||&#8221; custom_padding__hover=&#8221;|||&#8221;][et_pb_text _builder_version=&#8221;3.27.4&#8243; text_font_size=&#8221;20&#8243; text_orientation=&#8221;center&#8221; module_alignment=&#8221;center&#8221;] Conselho Fiscal<br \/>\n[\/et_pb_text][\/et_pb_column][\/et_pb_row][et_pb_row _builder_version=&#8221;3.25&#8243; background_size=&#8221;initial&#8221; background_position=&#8221;top_left&#8221; background_repeat=&#8221;repeat&#8221; max_width=&#8221;628px&#8221; hover_enabled=&#8221;0&#8243; use_custom_width=&#8221;on&#8221; custom_width_px=&#8221;628px&#8221; column_structure=&#8221;1_3,1_3,1_3&#8243;][et_pb_column type=&#8221;1_3&#8243; _builder_version=&#8221;3.25&#8243; custom_padding=&#8221;|||&#8221; custom_padding__hover=&#8221;|||&#8221;][et_pb_blurb title=&#8221;Geovanny Farache Maia&#8221; use_icon=&#8221;on&#8221; icon_color=&#8221;#a8a8a8&#8243; use_circle=&#8221;on&#8221; circle_color=&#8221;#ffffff&#8221; use_circle_border=&#8221;on&#8221; circle_border_color=&#8221;#e0e0e0&#8243; admin_label=&#8221;Blurb&#8221; _builder_version=&#8221;4.0.5&#8243; background_size=&#8221;initial&#8221; background_position=&#8221;top_left&#8221; background_repeat=&#8221;repeat&#8221; text_orientation=&#8221;center&#8221; hover_enabled=&#8221;0&#8243;]<\/p>\n<p style=\"text-align: center\">Adepar\u00e1<\/p>\n<p>[\/et_pb_blurb][\/et_pb_column][et_pb_column type=&#8221;1_3&#8243; _builder_version=&#8221;3.25&#8243; custom_padding=&#8221;|||&#8221; custom_padding__hover=&#8221;|||&#8221;][et_pb_blurb title=&#8221;Jos\u00e9 Nelson Ara\u00fajo&#8221; use_icon=&#8221;on&#8221; icon_color=&#8221;#a8a8a8&#8243; use_circle=&#8221;on&#8221; circle_color=&#8221;#ffffff&#8221; use_circle_border=&#8221;on&#8221; circle_border_color=&#8221;#e0e0e0&#8243; admin_label=&#8221;Blurb&#8221; _builder_version=&#8221;3.0.89&#8243; background_size=&#8221;initial&#8221; background_position=&#8221;top_left&#8221; background_repeat=&#8221;repeat&#8221; text_orientation=&#8221;center&#8221;]<\/p>\n<p style=\"text-align: center\">SINDICORTE<\/p>\n<p>[\/et_pb_blurb][\/et_pb_column][et_pb_column type=&#8221;1_3&#8243; _builder_version=&#8221;3.25&#8243; custom_padding=&#8221;|||&#8221; custom_padding__hover=&#8221;|||&#8221;][et_pb_blurb title=&#8221;Walter Cardoso&#8221; use_icon=&#8221;on&#8221; icon_color=&#8221;#a8a8a8&#8243; use_circle=&#8221;on&#8221; circle_color=&#8221;#ffffff&#8221; use_circle_border=&#8221;on&#8221; circle_border_color=&#8221;#e0e0e0&#8243; admin_label=&#8221;Blurb&#8221; _builder_version=&#8221;3.0.89&#8243; background_size=&#8221;initial&#8221; background_position=&#8221;top_left&#8221; background_repeat=&#8221;repeat&#8221; text_orientation=&#8221;center&#8221;]<\/p>\n<p style=\"text-align: center\">SENAR-PA<\/p>\n<p>[\/et_pb_blurb][\/et_pb_column][\/et_pb_row][\/et_pb_section]<\/p>\n","protected":false},"excerpt":{"rendered":"<p>O FUNDEPEC A previs\u00e3o de constitui\u00e7\u00e3o de um fundo de desenvolvimento da pecu\u00e1ria no Estado do Par\u00e1 est\u00e1 contida nos termos do Conv\u00eanio 023\/96 assinado, em 24 de agosto de 1996, entre o Governo do Estado do Par\u00e1, ent\u00e3o representado pelo Governador Almir Gabriel, no interesse da SAGRI \u2013 Secretaria de Estado de Agricultura do [&hellip;]<\/p>\n","protected":false},"author":1,"featured_media":0,"parent":0,"menu_order":0,"comment_status":"closed","ping_status":"closed","template":"","meta":{"_et_pb_use_builder":"on","_et_pb_old_content":"","_et_gb_content_width":"","footnotes":""},"class_list":["post-38","page","type-page","status-publish","hentry"],"_links":{"self":[{"href":"https:\/\/sistemafaepa.com.br\/fundepec\/wp-json\/wp\/v2\/pages\/38","targetHints":{"allow":["GET"]}}],"collection":[{"href":"https:\/\/sistemafaepa.com.br\/fundepec\/wp-json\/wp\/v2\/pages"}],"about":[{"href":"https:\/\/sistemafaepa.com.br\/fundepec\/wp-json\/wp\/v2\/types\/page"}],"author":[{"embeddable":true,"href":"https:\/\/sistemafaepa.com.br\/fundepec\/wp-json\/wp\/v2\/users\/1"}],"replies":[{"embeddable":true,"href":"https:\/\/sistemafaepa.com.br\/fundepec\/wp-json\/wp\/v2\/comments?post=38"}],"version-history":[{"count":0,"href":"https:\/\/sistemafaepa.com.br\/fundepec\/wp-json\/wp\/v2\/pages\/38\/revisions"}],"wp:attachment":[{"href":"https:\/\/sistemafaepa.com.br\/fundepec\/wp-json\/wp\/v2\/media?parent=38"}],"curies":[{"name":"wp","href":"https:\/\/api.w.org\/{rel}","templated":true}]}}