{"id":219,"date":"2017-11-24T19:44:17","date_gmt":"2017-11-24T21:44:17","guid":{"rendered":"http:\/\/sistemafaepa.com.br\/fundepec\/?page_id=219"},"modified":"2017-11-24T19:44:17","modified_gmt":"2017-11-24T21:44:17","slug":"nossa-historia","status":"publish","type":"page","link":"https:\/\/sistemafaepa.com.br\/fundepec\/nossa-historia\/","title":{"rendered":"Nossa Hist\u00f3ria"},"content":{"rendered":"<p>[et_pb_section bb_built=&#8221;1&#8243;][et_pb_row][et_pb_column type=&#8221;4_4&#8243;][et_pb_text _builder_version=&#8221;3.0.89&#8243; background_layout=&#8221;light&#8221;]<\/p>\n<div><b>NO MUNDO<\/b><\/div>\n<div>\n<div><\/div>\n<div><strong>1863<\/strong> \u2013 O professor Gamjee, do Novo Col\u00e9gio de Veterin\u00e1ria de Edimburg (Reino Unido), chamou a aten\u00e7\u00e3o da comunidade internacional para os riscos da Europa ser invadida por um surto de doen\u00e7as animais contagiosas, notadamente a peste bovina. Com o professor Hering, de Stuttgart (Alemanha), eles anunciaram a todas as escolas e jornais veterin\u00e1rios existentes a realiza\u00e7\u00e3o de um Congresso Internacional na cidade de Hamburgo (Alemanha) com o objetivo de precisar as regras de preven\u00e7\u00e3o das epsotias e doen\u00e7as contagiosas. Esse Congresso reuniu 99 participantes, mas n\u00e3o logrou alcan\u00e7ar suas finalidades. A import\u00e2ncia do tema levou \u00e0 realiza\u00e7\u00e3o de outros sucessivos encontros, em diferentes capitais europ\u00e9ias, com o mesmo objetivo. O m\u00e1ximo que se conseguiu foi, no XV Congresso, a cria\u00e7\u00e3o de uma Associa\u00e7\u00e3o Mundial de Veterin\u00e1ria.<\/div>\n<div><strong>1920<\/strong> \u2013 Nesse ano se manifestou, na B\u00e9lgica, a peste bovina em zebus indianos destinados ao Brasil e que estavam em tr\u00e2nsito pelo porto de Amberes (antiga Antu\u00e9rpia), assolando a Europa e gerando uma imediata preocupa\u00e7\u00e3o internacional com rela\u00e7\u00e3o ao tr\u00e2nsito de animais.<\/div>\n<div><strong>1921<\/strong> &#8211; A Fran\u00e7a toma a iniciativa de convocar uma Confer\u00eancia Internacional que foi realizada em Paris no per\u00edodo de <a href=\"https:\/\/maps.google.com\/?q=25+a+28+de+Mar%C3%A7o&amp;entry=gmail&amp;source=g\">25 a 28 de Mar\u00e7o<\/a> desse mesmo ano, presentes representantes de 40 pa\u00edses.<\/div>\n<div><strong>1924<\/strong> &#8211; Sendo o Brasil um dos fundadores, \u00e9 criada, em 25 de janeiro, uma entidade destinada a promover estudos, interc\u00e2mbio de informa\u00e7\u00f5es sobre transa\u00e7\u00e3o de animais e controle de epizootias: a \u201cOIE \u2013 OFFICE INTERNATIONAL DES EPIZOOTIES\u201d, transformada anos depois em \u201cOIE \u2013 Organiza\u00e7\u00e3o Mundial da Sa\u00fade Animal\u201d, com sede em Paris e participa\u00e7\u00e3o de 172 Na\u00e7\u00f5es, cujos delegados formam o Comit\u00e9 Internacional que se respalda nos trabalhos cient\u00edficos desenvolvidos por 4 Comiss\u00f5es de Especialistas e 5 Comiss\u00f5es Regionais, uma para cada Continente, e nos Centros Internacionais de Refer\u00eancia.<\/div>\n<div><strong>1960<\/strong> \u2013 \u00c9 criado o C\u00f3digo Zoosanit\u00e1rio Internacional, definindo as regras a serem obedecidas por todos os pa\u00edses participantes da OIE.<\/div>\n<\/div>\n<div>\n<div><b><i>Defesa Sanit\u00e1ria \u00e9 mercado garantido<\/i><\/b><\/div>\n<\/div>\n<div><\/div>\n<div><b>NO BRASIL<\/b><\/div>\n<div>\n<div><\/div>\n<div><strong>1919<\/strong> \u2013 O Minist\u00e9rio da Agricultura estabelece o C\u00f3digo de Pol\u00edcia Sanit\u00e1ria<\/div>\n<div><strong>1929<\/strong> \u2013 O presidente Washington Lu\u00eds ratifica o Acordo Internacional de Cria\u00e7\u00e3o da OIE, atrav\u00e9s do Decreto n\u00ba 1.864, de 12\/03\/1929.<\/div>\n<div><strong>1934<\/strong> &#8211; O Governo Federal aprova o Regulamento de Defesa Sanit\u00e1ria Animal, iniciando o trabalho de combate \u00e0 febre aftosa.<\/div>\n<div><strong>1951<\/strong> &#8211; \u00c9 institu\u00edda a Campanha de Erradica\u00e7\u00e3o da Febre Aftosa que, paulatinamente, foi se estendendo a todas as Unidades Federativas.<\/div>\n<div><strong>1963<\/strong> \u2013 O Governo Federal come\u00e7a efetivamente a implantar medidas que concretizam as recomenda\u00e7\u00f5es da pol\u00edtica internacional da OIE.<\/div>\n<div><strong>1992<\/strong> \u2013 O Minist\u00e9rio da Agricultura edita a Portaria n\u00ba 82 (Diretrizes para o Programa da Febre Aftosa), estabelecendo os Circuitos Pecu\u00e1rios, respeitadas as caracter\u00edsticas regionais, adotados at\u00e9 hoje.<\/div>\n<div><strong>2006<\/strong> &#8211; Durante a 18\u00aa Confer\u00eancia da Comiss\u00e3o Regional da OIE para as Am\u00e9ricas, realizada em Florian\u00f3polis (SC), no per\u00edodo de 28\/11 a 02\/12, foi ratificada a necessidade de cria\u00e7\u00e3o e\/ou manuten\u00e7\u00e3o de Fundos Nacionais espec\u00edficos, como mecanismo de compensa\u00e7\u00e3o para os produtores por perdas econ\u00f4micas causadas pela implementa\u00e7\u00e3o das medidas sanit\u00e1rias que exigissem o sacrificio de animais. O Fundo deveria ser privado, objetivando maior agiliza\u00e7\u00e3o na indeniza\u00e7\u00e3o dos produtores.<\/div>\n<\/div>\n<div><\/div>\n<div><b>NO PAR\u00c1<\/b><\/div>\n<div>\n<div><\/div>\n<div><strong>15\/01\/1996<\/strong> &#8211; Lei n\u00ba 5.941 disp\u00f5e sobre a Politica de Defesa Animal.<\/div>\n<div><strong>24\/08\/1996<\/strong> &#8211; Cria\u00e7\u00e3o do FUNDEPEC &#8211; objetivos: Erradica\u00e7\u00e3o da Febre Aftosa, Indeniza\u00e7\u00e3o de Animais, Apoio \u00e0s a\u00e7\u00f5es do poder publico e Promover o desenvolvimento da pecu\u00e1ria.<\/div>\n<div><strong>30\/08\/1996<\/strong> &#8211; Decreto n\u00ba 1.619 Regulamenta a Lei n\u00ba 5.941.<\/div>\n<div><strong>08\/05\/1998<\/strong> \u2013 Decreto n\u00ba 2.081 institui o Programa de Febre Aftosa. Decreto n\u00ba 2.802 institui a GTA \u2013 Guia de Tr\u00e2nsito Animal.<\/div>\n<div><strong>1998<\/strong> &#8211; Cria-se a COOPERURAL \u2013 com objetivo de apoiar a\u00e7\u00f5es de Erradica\u00e7\u00e3o da Febre Aftosa.<\/div>\n<div><strong>1998 \u2013 2002<\/strong> &#8211; Consultores e Apoiadores do Programa \u201cGrupo dos 7\u201d.<\/div>\n<div><strong>12\/07\/2001<\/strong> &#8211; Lei n\u00ba 6.372 \u2013 Lei Delegada disp\u00f5e sobre a Defesa Agropecu\u00e1ria.<\/div>\n<div><strong>25\/01\/2002<\/strong> &#8211; Decreto n\u00ba 5.129 Regulamenta a Lei Delegada.<\/div>\n<div><strong>17\/09\/2002<\/strong> \u2013 Lei n\u00ba 6.482 &#8211; Cria a ADEPAR\u00c1.<\/div>\n<div><strong>01\/01\/2003<\/strong> \u2013 ADEPAR\u00c1 inicia suas opera\u00e7\u00f5es.<\/div>\n<div><strong>12\/07\/2004<\/strong> &#8211; Foco em Monte Alegre em160 animais.<\/div>\n<div><strong>25\/05\/2007<\/strong> \u2013 Certifica\u00e7\u00e3o da OIE em 75% do rebanho de bovinos e bubalinos do Par\u00e1.<\/div>\n<div><strong>29\/05\/2014<\/strong> \u2013 Certifica\u00e7\u00e3o da OIE em 100% do Estado.<\/div>\n<\/div>\n<p>[\/et_pb_text][\/et_pb_column][\/et_pb_row][\/et_pb_section]<\/p>\n","protected":false},"excerpt":{"rendered":"<p><div class=\"et_pb_row et_pb_row_0 et_pb_row_empty\">\n\t\t\t\t\n\t\t\t\t\n\t\t\t\t\n\t\t\t\t\n\t\t\t\t\n\t\t\t<\/div> NO MUNDO 1863 \u2013 O professor Gamjee, do Novo Col\u00e9gio de Veterin\u00e1ria de Edimburg (Reino Unido), chamou a aten\u00e7\u00e3o da comunidade internacional para os riscos da Europa ser invadida por um surto de doen\u00e7as animais contagiosas, notadamente a peste bovina. Com o professor Hering, de Stuttgart (Alemanha), eles anunciaram a todas as escolas e [&hellip;]<\/p>\n","protected":false},"author":1,"featured_media":0,"parent":0,"menu_order":0,"comment_status":"closed","ping_status":"closed","template":"","meta":{"_et_pb_use_builder":"on","_et_pb_old_content":"","_et_gb_content_width":"","footnotes":""},"class_list":["post-219","page","type-page","status-publish","hentry"],"_links":{"self":[{"href":"https:\/\/sistemafaepa.com.br\/fundepec\/wp-json\/wp\/v2\/pages\/219","targetHints":{"allow":["GET"]}}],"collection":[{"href":"https:\/\/sistemafaepa.com.br\/fundepec\/wp-json\/wp\/v2\/pages"}],"about":[{"href":"https:\/\/sistemafaepa.com.br\/fundepec\/wp-json\/wp\/v2\/types\/page"}],"author":[{"embeddable":true,"href":"https:\/\/sistemafaepa.com.br\/fundepec\/wp-json\/wp\/v2\/users\/1"}],"replies":[{"embeddable":true,"href":"https:\/\/sistemafaepa.com.br\/fundepec\/wp-json\/wp\/v2\/comments?post=219"}],"version-history":[{"count":0,"href":"https:\/\/sistemafaepa.com.br\/fundepec\/wp-json\/wp\/v2\/pages\/219\/revisions"}],"wp:attachment":[{"href":"https:\/\/sistemafaepa.com.br\/fundepec\/wp-json\/wp\/v2\/media?parent=219"}],"curies":[{"name":"wp","href":"https:\/\/api.w.org\/{rel}","templated":true}]}}