{"id":61,"date":"2017-09-20T18:59:00","date_gmt":"2017-09-20T21:59:00","guid":{"rendered":"http:\/\/sistemafaepa.com.br\/faepa\/?page_id=61"},"modified":"2024-11-04T17:03:35","modified_gmt":"2024-11-04T20:03:35","slug":"nucleos-regionais","status":"publish","type":"page","link":"https:\/\/sistemafaepa.com.br\/faepa\/nucleos-regionais\/","title":{"rendered":"N\u00facleos Regionais"},"content":{"rendered":"<p>[et_pb_section fb_built=&#8221;1&#8243; inner_shadow=&#8221;on&#8221; fullwidth=&#8221;on&#8221; _builder_version=&#8221;4.16&#8243; background_color=&#8221;#1f6462&#8243; background_image=&#8221;https:\/\/sistemafaepa.com.br\/faepa\/wp-content\/uploads\/sites\/5\/2017\/09\/BG-SENAR.jpg&#8221; global_colors_info=&#8221;{}&#8221;][et_pb_fullwidth_header title=&#8221;N\u00facleos Regionais&#8221; admin_label=&#8221;Fullwidth Header&#8221; _builder_version=&#8221;4.16&#8243; title_font=&#8221;|on|||&#8221; background_color=&#8221;rgba(255, 255, 255, 0)&#8221; global_colors_info=&#8221;{}&#8221; button_one_text_size__hover_enabled=&#8221;off&#8221; button_two_text_size__hover_enabled=&#8221;off&#8221; button_one_text_color__hover_enabled=&#8221;off&#8221; button_two_text_color__hover_enabled=&#8221;off&#8221; button_one_border_width__hover_enabled=&#8221;off&#8221; button_two_border_width__hover_enabled=&#8221;off&#8221; button_one_border_color__hover_enabled=&#8221;off&#8221; button_two_border_color__hover_enabled=&#8221;off&#8221; button_one_border_radius__hover_enabled=&#8221;off&#8221; button_two_border_radius__hover_enabled=&#8221;off&#8221; button_one_letter_spacing__hover_enabled=&#8221;off&#8221; button_two_letter_spacing__hover_enabled=&#8221;off&#8221; button_one_bg_color__hover_enabled=&#8221;off&#8221; button_two_bg_color__hover_enabled=&#8221;off&#8221;][\/et_pb_fullwidth_header][\/et_pb_section][et_pb_section fb_built=&#8221;1&#8243; specialty=&#8221;on&#8221; _builder_version=&#8221;4.16&#8243; custom_padding=&#8221;3px|0px|54px|0px&#8221; global_colors_info=&#8221;{}&#8221;][et_pb_column type=&#8221;3_4&#8243; specialty_columns=&#8221;3&#8243; _builder_version=&#8221;4.16&#8243; custom_padding=&#8221;|||&#8221; global_colors_info=&#8221;{}&#8221; custom_padding__hover=&#8221;|||&#8221;][et_pb_row_inner _builder_version=&#8221;4.16&#8243; global_colors_info=&#8221;{}&#8221;][et_pb_column_inner saved_specialty_column_type=&#8221;3_4&#8243; _builder_version=&#8221;4.16&#8243; custom_padding=&#8221;|||&#8221; global_colors_info=&#8221;{}&#8221; custom_padding__hover=&#8221;|||&#8221;][et_pb_text admin_label=&#8221;Text&#8221; _builder_version=&#8221;4.27.2&#8243; background_size=&#8221;initial&#8221; background_position=&#8221;top_left&#8221; background_repeat=&#8221;repeat&#8221; hover_enabled=&#8221;0&#8243; border_style=&#8221;solid&#8221; global_colors_info=&#8221;{}&#8221; sticky_enabled=&#8221;0&#8243;]<\/p>\n<p><strong>BAIXO AMAZONAS<\/strong><\/p>\n<p><strong>Coordenador:<\/strong>\u00a0ADINOR BATISTA DOS SANTOS<\/p>\n<p><strong>Endere\u00e7o:<\/strong> Av. Ant\u00f4nio Sim\u00f5es, 350 &#8211; Bairro Prainha, Santar\u00e9m<\/p>\n<p><strong>Assessor T\u00e9cnico Sindical:<\/strong>\u00a0Jos\u00e9 Rufino Pinto<\/p>\n<p><strong>E-mail:<\/strong> baixoamazonas@sistemafaepa.org.br<\/p>\n<p><strong>Sindicatos:<\/strong>\u00a0Alenquer,\u00a0Almeirim,\u00a0Belterra,\u00a0Curu\u00e1,\u00a0Faro,\u00a0Juruti,\u00a0Monte Alegre,\u00a0\u00d3bidos,\u00a0Oriximin\u00e1,\u00a0Prainha,\u00a0Santar\u00e9m e\u00a0Terra Santa.<\/p>\n<p>&nbsp;<\/p>\n<p><strong>TRANSAMAZ\u00d4NICA<\/strong><\/p>\n<p><strong>Coordenador: <\/strong>SILV\u00c9RIO ALBANO FERNANDES<\/p>\n<p><strong>Endere\u00e7o:<\/strong> Tv. Marajoara, 3111 &#8211; Bairro Sudam I<\/p>\n<p><strong>Assessor T\u00e9cnico Sindical:<\/strong> Jos\u00e9 Ivan Cabral de Azevedo<\/p>\n<p><strong>E-mail:<\/strong> transamazonica@sistemafaepa.org.br<\/p>\n<p><strong>Sindicatos:<\/strong>\u00a0Altamira, Anap\u00fa,\u00a0Brasil Novo,\u00a0Medicil\u00e2ndia,\u00a0Pacaj\u00e1,\u00a0Placas,\u00a0Senador Jos\u00e9 Porf\u00edrio,\u00a0Uruar\u00e1,\u00a0Vit\u00f3ria do\u00a0Xingu.<\/p>\n<p>&nbsp;<\/p>\n<p><strong>TOCANTINS<\/strong><\/p>\n<p><strong>Coordenador:<\/strong> JAHYR SEIXAS GON\u00c7ALVES | GUY RANGEL<\/p>\n<p><strong>Endere\u00e7o:<\/strong> Rod. Porto da Balsa, Km 01 &#8211; Bairro Beira Rio, Parque de Exposi\u00e7\u00f5es de Tucuru\u00ed<\/p>\n<p><strong>Assessor T\u00e9cnico Sindical:\u00a0<\/strong>Giovanni Souza Vilela Andrade<\/p>\n<p><strong>E-mail:<\/strong> tocantins@sistemafaepa.org.br<\/p>\n<p><strong>Sindicatos:<\/strong>\u00a0Bai\u00e3o,\u00a0Breu Branco,\u00a0Camet\u00e1,\u00a0Goian\u00e9sia do Par\u00e1,\u00a0Mocajuba,\u00a0Moju,\u00a0Novo Repartimento,\u00a0Tail\u00e2ndia,\u00a0Tucuru\u00ed.<\/p>\n<p>&nbsp;<\/p>\n<p><strong>TAPAJ\u00d3S<\/strong><\/p>\n<p><strong>Coordenadora:<\/strong> CARMELINO CARVALHO NERES<\/p>\n<p><strong>Endere\u00e7o:<\/strong> Rod. Transamaz\u00f4nica, Km 5 &#8211; Parque de Exposi\u00e7\u00e3o H\u00e9lio da Mota Gueiros, Bairro Bela Vista &#8211; Itaituba<\/p>\n<p><strong>Assessor T\u00e9cnico Sindical:<\/strong> Paulo Roberto Almeira Ferreira<\/p>\n<p><strong>E-mail:<\/strong> tapajos@sistemafaepa.org.br<\/p>\n<p><strong>Sindicatos:<\/strong>\u00a0Aveiro,\u00a0Itaituba,\u00a0Jacareacanga,\u00a0Novo Progresso,\u00a0Rur\u00f3polis,\u00a0Trair\u00e3o.<\/p>\n<p>&nbsp;<\/p>\n<p><strong>SUL DO PAR\u00c1<\/strong><\/p>\n<p><strong>Coordenador: <\/strong>WALTEIR GOMES REZENDE<\/p>\n<p><strong>Endere\u00e7o:<\/strong> Avenida Brasil, 350 &#8211; Jardim Cumar\u00fa &#8211; Parque de Exposi\u00e7\u00e3o Pantale\u00e3o Louren\u00e7o Ferreira<\/p>\n<p><strong>Assessor T\u00e9cnico Sindical:<\/strong> Thalita Canevari Azevedo<\/p>\n<p><strong>E-mail:<\/strong> suldopara@sistemafaepa.org.br<\/p>\n<p><strong>Sindicatos:<\/strong>\u00a0\u00c1gua Azul do Norte,\u00a0Bannach, Concei\u00e7\u00e3o do\u00a0Araguaia,\u00a0Cumar\u00fa do Norte,\u00a0Floresta do Araguaia,\u00a0Ouril\u00e2ndia\u00a0do Norte,\u00a0Pau D\u2019Arco,\u00a0Reden\u00e7\u00e3o,\u00a0Rio Maria,\u00a0Santa Maria das\u00a0Barreiras,\u00a0Santana do Araguaia,\u00a0S\u00e3o F\u00e9lix do Xingu,\u00a0Tucum\u00e3 e\u00a0Xinguara.<\/p>\n<p>&nbsp;<\/p>\n<p><strong>CARAJ\u00c1S<\/strong><\/p>\n<p><strong>Coordenador:<\/strong>\u00a0RICARDO GUIMAR\u00c3ES QUEIROZ<\/p>\n<p><strong>Endere\u00e7o:<\/strong>Av. Transamaz\u00f4nica, 2238 &#8211; Bairro Cidade Nova &#8211; Marab\u00e1<\/p>\n<p><strong>Assessor T\u00e9cnico Sindical:<\/strong>\u00a0Virgilino Ferreira Camargo<\/p>\n<p><strong>E-mail:<\/strong>\u00a0carajas@sistemafaepa.org.br<\/p>\n<p><strong>Sindicatos:<\/strong>\u00a0Abel Figueiredo,\u00a0Bom Jesus do Tocantins,\u00a0Brejo\u00a0Grande do Araguaia,\u00a0Cana\u00e3 dos Caraj\u00e1s,\u00a0Curion\u00f3polis,\u00a0Eldorado dos Caraj\u00e1s,\u00a0Itupiranga,\u00a0Jacund\u00e1,\u00a0Marab\u00e1,\u00a0Nova\u00a0Ipixuna,\u00a0Palestina do Par\u00e1,\u00a0Parauapebas,\u00a0Pi\u00e7arra,\u00a0S\u00e3o\u00a0Domingos do Araguaia,\u00a0S\u00e3o Jo\u00e3o do Araguaia,\u00a0S\u00e3o Geraldo\u00a0do Araguaia e\u00a0Sapucaia.<\/p>\n<p>&nbsp;<\/p>\n<p><strong>GUAJARINA<\/strong><\/p>\n<p><strong>Coordenador:\u00a0<\/strong>GILBERTO NASCIMENTO\u00a0BRITO<\/p>\n<p><strong>Endere\u00e7o:<\/strong>\u00a0Rodovia BR-316, Km 65 &#8211; Parque de Exposi\u00e7\u00e3o Pedro Coelho da Mota, Castanhal &#8211; CEP: 68743-050<\/p>\n<p><strong>Assessor T\u00e9cnico Sindical:<\/strong>\u00a0Jair Carrera Cardoso<\/p>\n<p><strong>E-mail:<\/strong>\u00a0guajarina@sistemafaepa.org.br<\/p>\n<p><strong>Sindicatos:<\/strong>\u00a0Bujaru,\u00a0Castanhal,\u00a0Colares,\u00a0Conc\u00f3rdia do Par\u00e1,\u00a0Curu\u00e7\u00e1,\u00a0Igarap\u00e9-A\u00e7\u00fa,\u00a0Inhangapi,\u00a0Magalh\u00e3es Barata,\u00a0Maracan\u00e3,\u00a0Marapanim,\u00a0Santa Izabel do Par\u00e1,\u00a0Santa Maria do\u00a0Par\u00e1,\u00a0Santo Ant\u00f4nio do Tau\u00e1,\u00a0S\u00e3o Caetano de Odivelas,\u00a0S\u00e3o\u00a0Domingos do Capim,\u00a0S\u00e3o Francisco do Par\u00e1,\u00a0S\u00e3o Jo\u00e3o da\u00a0Ponta,\u00a0Terra Alta,\u00a0Tom\u00e9-A\u00e7\u00fa e\u00a0Vigia.<\/p>\n<p>&nbsp;<\/p>\n<p><strong>NORDESTE PARAENSE<\/strong><\/p>\n<p><strong>Coordenador:<\/strong>\u00a0FRANCISCO CARUSO<\/p>\n<p><strong>Endere\u00e7o:<\/strong>\u00a0Rod. PA &#8211; Km 125, s\/n &#8211; Parque de\u00a0Exposi\u00e7\u00e3o Am\u00edlcar Tocantins, Paragominas &#8211; CEP: 68626-350<\/p>\n<p><strong>Assessor T\u00e9cnico Sindical: <\/strong>Nayanna de Nazar\u00e9 Brito Freitas<\/p>\n<p><strong>E-mail:<\/strong> nordesteparaense@sistemafaepa.org.br<\/p>\n<p><strong>Sindicatos:<\/strong>\u00a0Aurora do Par\u00e1,\u00a0Dom Elizeu,\u00a0Ipixuna do Par\u00e1,\u00a0Irituia,\u00a0M\u00e3e do Rio,\u00a0Paragominas,\u00a0Rondon do Par\u00e1,\u00a0S\u00e3o\u00a0Miguel do Guam\u00e1,\u00a0Ulian\u00f3polis.<\/p>\n<p>&nbsp;<\/p>\n<p><strong>BRAGANTINO<\/strong><\/p>\n<p><strong>Coordenador:<\/strong>\u00a0THIAGO AUGUSTO DE ARA\u00daJO LIMA<\/p>\n<p><strong>Endere\u00e7o:<\/strong> Tv. Rui Barbosa, 2461 \u00a0&#8211; Pra\u00e7a Moura Carvalho<\/p>\n<p><strong>Assessor T\u00e9cnico Sindical:\u00a0<\/strong>Marc\u00edlio Rodrigo de Almeida Souza<\/p>\n<p><strong>E-mail:\u00a0<\/strong>bragantino@sistemafaepa.org.br<\/p>\n<p><strong>Sindicatos:<\/strong>\u00a0Augusto Corr\u00eaa,\u00a0Bonito,\u00a0Bragan\u00e7a,\u00a0Cachoeira\u00a0do Piri\u00e1,\u00a0Capanema,\u00a0Capit\u00e3o Po\u00e7o,\u00a0Garraf\u00e3o do Norte,\u00a0Nova\u00a0Esperan\u00e7a do Piri\u00e1,\u00a0Nova Timboteua,\u00a0Our\u00e9m,\u00a0Peixe-Boi,\u00a0Primavera,\u00a0Quatipur\u00fa,\u00a0Salin\u00f3polis,\u00a0Santa Luzia,\u00a0Santar\u00e9m\u00a0Novo,\u00a0S\u00e3o Jo\u00e3o de Pirabas,\u00a0Tracuateua e\u00a0Vizeu.<\/p>\n<p>&nbsp;<\/p>\n<p><strong>MARAJ\u00d3<\/strong><\/p>\n<p><strong>Coordenador:<\/strong> ANT\u00d4NIO FRANCISCO DE ARA\u00daJO | DANIEL FONSECA DE ARA\u00daJO<\/p>\n<p><strong>Endere\u00e7o:<\/strong>\u00a0Tv. Dr. Moraes, 21 &#8211; Ed. Pal\u00e1cio da Agricultura, Bel\u00e9m &#8211; CEP: 66035-080<\/p>\n<p><strong>Assessor T\u00e9cnico Sindical:\u00a0<\/strong>Luiz Ant\u00f4nio Canizo Lobato<\/p>\n<p><strong>E-mail:<\/strong> marajo@sistemafaepa.org.br<\/p>\n<p><strong>Sindicatos:<\/strong>\u00a0Abaetetuba,\u00a0Acar\u00e1,\u00a0Afu\u00e1,\u00a0Anaj\u00e1s,\u00a0Ananindeua,\u00a0Bagre,\u00a0Barcarena,\u00a0Bel\u00e9m,\u00a0Benevides,\u00a0Breves,\u00a0Cachoeira do\u00a0Arari,\u00a0Chaves,\u00a0Curralinho,\u00a0Gurup\u00e1,\u00a0Igarap\u00e9 Miri,\u00a0Limoeiro do\u00a0Ajuru,\u00a0Marituba,\u00a0Melga\u00e7o,\u00a0Muan\u00e1,\u00a0Oieras do\u00a0Par\u00e1,\u00a0Ponta de\u00a0Pedras,\u00a0Portel,\u00a0Porto de Moz,\u00a0Salvaterra,\u00a0Santa B\u00e1rbara do\u00a0Par\u00e1,\u00a0Santa Cruz do Arari,\u00a0S\u00e3o Sebasti\u00e3o da Boa Vista e\u00a0Soure.<\/p>\n<h2 class=\"inserted\"><\/h2>\n<p>[\/et_pb_text][\/et_pb_column_inner][\/et_pb_row_inner][\/et_pb_column][et_pb_column type=&#8221;1_4&#8243; _builder_version=&#8221;4.16&#8243; custom_padding=&#8221;|||&#8221; global_colors_info=&#8221;{}&#8221; custom_padding__hover=&#8221;|||&#8221;][et_pb_search exclude_pages=&#8221;off&#8221; placeholder=&#8221;Pesquisar&#8230;&#8221; _builder_version=&#8221;4.16&#8243; hide_button=&#8221;off&#8221; global_colors_info=&#8221;{}&#8221; button_text_size__hover_enabled=&#8221;off&#8221; button_one_text_size__hover_enabled=&#8221;off&#8221; button_two_text_size__hover_enabled=&#8221;off&#8221; button_text_color__hover_enabled=&#8221;off&#8221; button_one_text_color__hover_enabled=&#8221;off&#8221; button_two_text_color__hover_enabled=&#8221;off&#8221; button_border_width__hover_enabled=&#8221;off&#8221; button_one_border_width__hover_enabled=&#8221;off&#8221; button_two_border_width__hover_enabled=&#8221;off&#8221; button_border_color__hover_enabled=&#8221;off&#8221; button_one_border_color__hover_enabled=&#8221;off&#8221; button_two_border_color__hover_enabled=&#8221;off&#8221; button_border_radius__hover_enabled=&#8221;off&#8221; button_one_border_radius__hover_enabled=&#8221;off&#8221; button_two_border_radius__hover_enabled=&#8221;off&#8221; button_letter_spacing__hover_enabled=&#8221;off&#8221; button_one_letter_spacing__hover_enabled=&#8221;off&#8221; button_two_letter_spacing__hover_enabled=&#8221;off&#8221; button_bg_color__hover_enabled=&#8221;off&#8221; button_one_bg_color__hover_enabled=&#8221;off&#8221; button_two_bg_color__hover_enabled=&#8221;off&#8221;][\/et_pb_search][et_pb_code _builder_version=&#8221;4.16&#8243; global_colors_info=&#8221;{}&#8221;][\/et_pb_code][et_pb_divider color=&#8221;#c6c6c6&#8243; disabled_on=&#8221;on|on&#8221; _builder_version=&#8221;4.16&#8243; height=&#8221;0px&#8221; hide_on_mobile=&#8221;on&#8221; global_colors_info=&#8221;{}&#8221;][\/et_pb_divider][et_pb_blog posts_number=&#8221;5&#8243; show_more=&#8221;on&#8221; show_author=&#8221;off&#8221; show_date=&#8221;off&#8221; show_categories=&#8221;off&#8221; show_pagination=&#8221;off&#8221; use_overlay=&#8221;on&#8221; _builder_version=&#8221;4.16&#8243; header_font_size=&#8221;16&#8243; body_font_size=&#8221;0&#8243; body_line_height=&#8221;0&#8243; border_style=&#8221;solid&#8221; use_dropshadow=&#8221;off&#8221; global_colors_info=&#8221;{}&#8221;][\/et_pb_blog][\/et_pb_column][\/et_pb_section][et_pb_section fb_built=&#8221;1&#8243; _builder_version=&#8221;3.0.71&#8243; background_color=&#8221;#1f6462&#8243; custom_padding=&#8221;0px|0px|0px|0px&#8221; global_module=&#8221;265&#8243; global_colors_info=&#8221;{}&#8221;][et_pb_row column_structure=&#8221;1_3,1_3,1_3&#8243; _builder_version=&#8221;4.16&#8243; background_size=&#8221;initial&#8221; background_position=&#8221;top_left&#8221; background_repeat=&#8221;repeat&#8221; custom_padding=&#8221;50px|0px|52px|0px&#8221; global_colors_info=&#8221;{}&#8221;][et_pb_column type=&#8221;1_3&#8243; _builder_version=&#8221;4.16&#8243; custom_padding=&#8221;|||&#8221; global_colors_info=&#8221;{}&#8221; custom_padding__hover=&#8221;|||&#8221;][et_pb_signup provider=&#8221;feedburner&#8221; title=&#8221;Receba as novidade sobre o Sistema FAEPA&#8221; button_text=&#8221;receber novidades&#8221; description=&#8221;<\/p>\n<p>Cadastre seu e-mail abaixo<\/p>\n<p>&#8221; _builder_version=&#8221;4.16&#8243; header_font_size=&#8221;20px&#8221; use_background_color=&#8221;off&#8221; custom_button=&#8221;on&#8221; button_text_size=&#8221;17px&#8221; button_border_radius=&#8221;60px&#8221; text_orientation=&#8221;center&#8221; global_colors_info=&#8221;{}&#8221; button_text_size__hover_enabled=&#8221;off&#8221; button_one_text_size__hover_enabled=&#8221;off&#8221; button_two_text_size__hover_enabled=&#8221;off&#8221; button_text_color__hover_enabled=&#8221;off&#8221; button_one_text_color__hover_enabled=&#8221;off&#8221; button_two_text_color__hover_enabled=&#8221;off&#8221; button_border_width__hover_enabled=&#8221;off&#8221; button_one_border_width__hover_enabled=&#8221;off&#8221; button_two_border_width__hover_enabled=&#8221;off&#8221; button_border_color__hover_enabled=&#8221;off&#8221; button_one_border_color__hover_enabled=&#8221;off&#8221; button_two_border_color__hover_enabled=&#8221;off&#8221; button_border_radius__hover_enabled=&#8221;off&#8221; button_one_border_radius__hover_enabled=&#8221;off&#8221; button_two_border_radius__hover_enabled=&#8221;off&#8221; button_letter_spacing__hover_enabled=&#8221;off&#8221; button_one_letter_spacing__hover_enabled=&#8221;off&#8221; button_two_letter_spacing__hover_enabled=&#8221;off&#8221; button_bg_color__hover_enabled=&#8221;off&#8221; button_one_bg_color__hover_enabled=&#8221;off&#8221; button_two_bg_color__hover_enabled=&#8221;off&#8221;]<\/p>\n<p>Cadastre seu e-mail abaixo<\/p>\n<p>[\/et_pb_signup][\/et_pb_column][et_pb_column type=&#8221;1_3&#8243; _builder_version=&#8221;4.16&#8243; custom_padding=&#8221;|||&#8221; global_colors_info=&#8221;{}&#8221; custom_padding__hover=&#8221;|||&#8221;][et_pb_text _builder_version=&#8221;4.16&#8243; text_line_height=&#8221;1em&#8221; background_layout=&#8221;dark&#8221; global_colors_info=&#8221;{}&#8221;]<\/p>\n<h2><strong>(91) 4008-5300<\/strong><\/h2>\n<p>\u00a0<\/p>\n<h5>Manh\u00e3: 9h \u00e0s 12h30<\/h5>\n<h5>Tarde: 14h \u00e0s 18h30<\/h5>\n<h5>\u00a0<\/h5>\n<h5>Trav. Dr. Moraes, n\u00b021 &#8211; Edificio Pal\u00e1cio da Agricultura, 8\u00b0 andar &#8211; Bel\u00e9m &#8211; PA &#8211; CEP:66035 &#8211; 080<\/h5>\n<p>[\/et_pb_text][et_pb_social_media_follow _builder_version=&#8221;4.24.0&#8243; background_layout=&#8221;dark&#8221; border_radii=&#8221;on|100%|100%|100%|100%&#8221; link_shape=&#8221;circle&#8221; global_colors_info=&#8221;{}&#8221;][et_pb_social_media_follow_network social_network=&#8221;facebook&#8221; url=&#8221;https:\/\/www.facebook.com\/SistemaFAEPA\/&#8221; _builder_version=&#8221;4.16&#8243; background_color=&#8221;#00c3aa&#8221; bg_color=&#8221;#00c3aa&#8221; global_colors_info=&#8221;{}&#8221; follow_button=&#8221;off&#8221; url_new_window=&#8221;on&#8221;]<\/p>\n<p>Facebook<\/p>\n<p>[\/et_pb_social_media_follow_network][et_pb_social_media_follow_network social_network=&#8221;twitter&#8221; url=&#8221;https:\/\/twitter.com\/sistemafaepa&#8221; _builder_version=&#8221;4.16&#8243; background_color=&#8221;#00c3aa&#8221; bg_color=&#8221;#00c3aa&#8221; global_colors_info=&#8221;{}&#8221; follow_button=&#8221;off&#8221; url_new_window=&#8221;on&#8221;]<\/p>\n<p>Twitter<\/p>\n<p>[\/et_pb_social_media_follow_network][et_pb_social_media_follow_network social_network=&#8221;instagram&#8221; url=&#8221;https:\/\/www.instagram.com\/sistemafaepa\/&#8221; _builder_version=&#8221;4.24.0&#8243; background_color=&#8221;#00c3aa&#8221; bg_color=&#8221;#00c3aa&#8221; global_colors_info=&#8221;{}&#8221; follow_button=&#8221;off&#8221; url_new_window=&#8221;on&#8221;]<\/p>\n<p>Instagram<\/p>\n<p>[\/et_pb_social_media_follow_network][et_pb_social_media_follow_network social_network=&#8221;youtube&#8221; url=&#8221;https:\/\/www.youtube.com\/@sistemafaepa\/videos&#8221; _builder_version=&#8221;4.24.0&#8243; background_color=&#8221;#00c3aa&#8221; bg_color=&#8221;#00c3aa&#8221; global_colors_info=&#8221;{}&#8221; follow_button=&#8221;off&#8221; url_new_window=&#8221;on&#8221;]youtube[\/et_pb_social_media_follow_network][\/et_pb_social_media_follow][\/et_pb_column][et_pb_column type=&#8221;1_3&#8243; _builder_version=&#8221;4.16&#8243; custom_padding=&#8221;|||&#8221; global_colors_info=&#8221;{}&#8221; custom_padding__hover=&#8221;|||&#8221;][et_pb_image src=&#8221;https:\/\/sistemafaepa.com.br\/faepa\/wp-content\/uploads\/sites\/5\/2024\/02\/LOGO-NOVA-v1-4.png&#8221; title_text=&#8221;LOGO NOVA v1 (4)&#8221; url=&#8221;https:\/\/sistemafaepa.com.br\/&#8221; align=&#8221;center&#8221; align_tablet=&#8221;center&#8221; align_phone=&#8221;&#8221; align_last_edited=&#8221;on|desktop&#8221; _builder_version=&#8221;4.24.0&#8243; max_width=&#8221;220px&#8221; animation_style=&#8221;slide&#8221; animation_direction=&#8221;left&#8221; animation_duration=&#8221;500ms&#8221; animation_intensity_slide=&#8221;10%&#8221; global_colors_info=&#8221;{}&#8221;][\/et_pb_image][\/et_pb_column][\/et_pb_row][\/et_pb_section]<\/p>\n","protected":false},"excerpt":{"rendered":"<p>BAIXO AMAZONAS Coordenador:\u00a0ADINOR BATISTA DOS SANTOS Endere\u00e7o: Av. Ant\u00f4nio Sim\u00f5es, 350 &#8211; Bairro Prainha, Santar\u00e9m Assessor T\u00e9cnico Sindical:\u00a0Jos\u00e9 Rufino Pinto E-mail: baixoamazonas@sistemafaepa.org.br Sindicatos:\u00a0Alenquer,\u00a0Almeirim,\u00a0Belterra,\u00a0Curu\u00e1,\u00a0Faro,\u00a0Juruti,\u00a0Monte Alegre,\u00a0\u00d3bidos,\u00a0Oriximin\u00e1,\u00a0Prainha,\u00a0Santar\u00e9m e\u00a0Terra Santa. &nbsp; TRANSAMAZ\u00d4NICA Coordenador: SILV\u00c9RIO ALBANO FERNANDES Endere\u00e7o: Tv. Marajoara, 3111 &#8211; Bairro Sudam I Assessor T\u00e9cnico Sindical: Jos\u00e9 Ivan Cabral de Azevedo E-mail: transamazonica@sistemafaepa.org.br Sindicatos:\u00a0Altamira, Anap\u00fa,\u00a0Brasil Novo,\u00a0Medicil\u00e2ndia,\u00a0Pacaj\u00e1,\u00a0Placas,\u00a0Senador Jos\u00e9 Porf\u00edrio,\u00a0Uruar\u00e1,\u00a0Vit\u00f3ria [&hellip;]<\/p>\n","protected":false},"author":1,"featured_media":0,"parent":0,"menu_order":0,"comment_status":"closed","ping_status":"closed","template":"","meta":{"_et_pb_use_builder":"on","_et_pb_old_content":"","_et_gb_content_width":"","footnotes":""},"class_list":["post-61","page","type-page","status-publish","hentry"],"_links":{"self":[{"href":"https:\/\/sistemafaepa.com.br\/faepa\/wp-json\/wp\/v2\/pages\/61","targetHints":{"allow":["GET"]}}],"collection":[{"href":"https:\/\/sistemafaepa.com.br\/faepa\/wp-json\/wp\/v2\/pages"}],"about":[{"href":"https:\/\/sistemafaepa.com.br\/faepa\/wp-json\/wp\/v2\/types\/page"}],"author":[{"embeddable":true,"href":"https:\/\/sistemafaepa.com.br\/faepa\/wp-json\/wp\/v2\/users\/1"}],"replies":[{"embeddable":true,"href":"https:\/\/sistemafaepa.com.br\/faepa\/wp-json\/wp\/v2\/comments?post=61"}],"version-history":[{"count":1,"href":"https:\/\/sistemafaepa.com.br\/faepa\/wp-json\/wp\/v2\/pages\/61\/revisions"}],"predecessor-version":[{"id":3210,"href":"https:\/\/sistemafaepa.com.br\/faepa\/wp-json\/wp\/v2\/pages\/61\/revisions\/3210"}],"wp:attachment":[{"href":"https:\/\/sistemafaepa.com.br\/faepa\/wp-json\/wp\/v2\/media?parent=61"}],"curies":[{"name":"wp","href":"https:\/\/api.w.org\/{rel}","templated":true}]}}